{"id":436,"date":"2018-09-30T17:21:19","date_gmt":"2018-09-30T15:21:19","guid":{"rendered":"http:\/\/levy-acp.fr\/?page_id=436"},"modified":"2021-04-26T09:29:26","modified_gmt":"2021-04-26T07:29:26","slug":"avec-la-loi-sur-les-psychotherapeutes-comment-sy-retrouver","status":"publish","type":"page","link":"https:\/\/levy-acp.fr\/index.php\/avec-la-loi-sur-les-psychotherapeutes-comment-sy-retrouver\/","title":{"rendered":"Avec la loi sur les psychoth\u00e9rapeutes, comment s&rsquo;y retrouver ?"},"content":{"rendered":"\r\n<p><strong>BRUNO CORET, Journaliste, <em>RUE 89<\/em>, 13 MAI 2011<\/strong><\/p>\r\n\r\n\r\n\r\n<p class=\"has-background has-very-light-gray-background-color\">Voil\u00e0 un an qu\u2019un nouveau type de psy a \u00e9t\u00e9 cr\u00e9\u00e9 par la loi Accoyer. Une minorit\u00e9 de praticiens prendront le titre de \u00ab\u00a0psychoth\u00e9rapeute\u00a0\u00bb. Et pour les patients, comment s\u2019y retrouver\u00a0?<\/p>\r\n\r\n\r\n\r\n<p>La loi de 2004\u00a0a fait na\u00eetre un registre national des psychoth\u00e9rapeutes. S\u2019ils ne s\u2019y inscrivent pas, les praticiens qui ont cinq ans d\u2019exp\u00e9rience ne pourront plus revendiquer ce titre. Ils se feront d\u00e9sormais appeler \u00ab\u00a0psychopraticiens\u00a0\u00bb. Mais dans la pratique, cela ne change rien.<\/p>\r\n\r\n\r\n\r\n<p>N\u2019oublions jamais que le but de toute psychoth\u00e9rapie est de servir celui qui en fait la demande\u00a0: le sujet humain en souffrance ou en difficult\u00e9 qui consulte un professionnel pour se faire aider.<\/p>\r\n\r\n\r\n\r\n<p>Qu\u2019on l\u2019appelle client, patient, th\u00e9rapisant ou autre, c\u2019est pour lui que la psychoth\u00e9rapie est conduite, et c\u2019est \u00e0 lui, avant tout, qu\u2019elle doit servir.<\/p>\r\n\r\n\r\n\r\n<p class=\"has-background has-very-light-gray-background-color\">Le public a d\u00e9sormais le choix, depuis le d\u00e9cret du 20\u00a0mai 2010, entre trois professions r\u00e9glement\u00e9es\u00a0:<\/p>\r\n\r\n\r\n\r\n<ul class=\"wp-block-list\">\r\n<li>les <strong>psychiatres <\/strong>qui sont des m\u00e9decins sp\u00e9cialistes\u00a0;<\/li>\r\n<li>les <strong>psychologues cliniciens<\/strong> ayant un dipl\u00f4me universitaire bac +5\u00a0;<\/li>\r\n<li>et ceux qu\u2019il faudra maintenant appeler <strong>psychoth\u00e9rapeutes<\/strong>\u00a0: titulaires d\u2019un dipl\u00f4me universitaire bac +5, ils doivent avoir fait un stage de quatre mois dans une institution.<\/li>\r\n<\/ul>\r\n\r\n\r\n\r\n<p class=\"has-background has-very-light-gray-background-color\">Mais aussi deux professions non r\u00e9glement\u00e9es\u00a0:<\/p>\r\n\r\n\r\n\r\n<ul class=\"wp-block-list\">\r\n<li>les <strong>psychanalystes<\/strong>, qui se d\u00e9finissent par l\u2019appartenance \u00e0 une \u00e9cole\u00a0;<\/li>\r\n<li>les <strong>psychopraticiens<\/strong>, qu\u2019on appelait avant psychoth\u00e9rapeutes\u00a0: ils sont en g\u00e9n\u00e9ral form\u00e9s par des \u00e9coles priv\u00e9es, et se d\u00e9finissent surtout par leur travail sur eux-m\u00eames.<\/li>\r\n<\/ul>\r\n\r\n\r\n\r\n<p class=\"has-background has-very-light-gray-background-color\">L\u2019appartenance au registre national des psychoth\u00e9rapeutes n\u00e9cessite le passage devant une commission compos\u00e9e de psychiatres et de psychologues cliniciens. Un processus compliqu\u00e9 auquel a refus\u00e9 de se soumettre une bonne partie des psychoth\u00e9rapeutes. Cela les privera du titre.<\/p>\r\n\r\n\r\n\r\n<p>Devenus psychopraticiens, ils travailleront exactement comme avant.<\/p>\r\n\r\n\r\n\r\n<h2 class=\"wp-block-heading\">Loi Accoyer, bonne question, mauvaise r\u00e9ponse<\/h2>\r\n\r\n\r\n\r\n<p class=\"has-background has-very-light-gray-background-color\">\u00c0 l\u2019origine de la loi Accoyer, il s\u2019agissait de lutter contre les charlatans et faux th\u00e9rapeutes, et de pr\u00e9venir les d\u00e9rives sectaires en r\u00e9servant l\u2019usage du titre de psychoth\u00e9rapeute \u00e0 un certain niveau de dipl\u00f4me contr\u00f4l\u00e9 par l\u2019\u00c9tat. Si l\u2019id\u00e9e est l\u00e9gitime, la r\u00e9ponse n\u2019est pas la bonne.<\/p>\r\n\r\n\r\n\r\n<p class=\"has-background has-very-light-gray-background-color\">D\u2019abord parce que le dipl\u00f4me n\u2019est pas une garantie suffisante de s\u00e9curit\u00e9 ni de comp\u00e9tence. Ensuite parce que cet encadrement trop restrictif \u00e9limine nettement plus de gens s\u00e9rieux que de charlatans. On pr\u00e9c\u00e8de comme pour la vache folle\u00a0: un individu suspect, tout le troupeau est abattu.<\/p>\r\n\r\n\r\n\r\n<p class=\"has-background has-very-light-gray-background-color\">Et plut\u00f4t que de chercher \u00e0 \u00e9liminer les quelques mauvais th\u00e9rapeutes, mieux vaudrait s\u2019occuper de permettre aux personnes qui cherchent de trouver le bon, ou plus exactement un th\u00e9rapeute qui leur convient.<\/p>\r\n\r\n\r\n\r\n<h2 class=\"wp-block-heading\">O\u00f9 se documenter sur son praticien\u00a0?<\/h2>\r\n\r\n\r\n\r\n<p>La premi\u00e8re exigence que l\u2019on devrait avoir \u00e0 l\u2019\u00e9gard d\u2019un praticien de la psychoth\u00e9rapie, quel que soit son titre, est la transparence et la clart\u00e9. Il faut que le client qui consulte sache \u00e0 qui il a affaire avant de commencer la th\u00e9rapie\u00a0:<\/p>\r\n\r\n\r\n\r\n<ul class=\"wp-block-list\">\r\n<li>Qui est ce th\u00e9rapeute\u00a0? Quels sont ses titres et dipl\u00f4mes\u00a0? Comment s\u2019est-il form\u00e9\u00a0?<\/li>\r\n<li>\u00c0 quelle organisation professionnelle se r\u00e9f\u00e8re-t-il\u00a0? Quelles sont les limites de sa comp\u00e9tence\u00a0? Comment proc\u00e8de-t-il, avec quelles m\u00e9thodes, en rapport avec quelles r\u00e9f\u00e9rences th\u00e9oriques\u00a0?<\/li>\r\n<li>\u00c9ventuellement des questions plus pratiques\u00a0: combien de temps peut durer la th\u00e9rapie\u00a0? Quand s\u2019arr\u00eate-t-elle\u00a0? Combien co\u00fbte-t-elle\u00a0? Quels sont les recours en cas de diff\u00e9rent entre professionnel et client\u00a0?<\/li>\r\n<\/ul>\r\n\r\n\r\n\r\n<p>Cette clart\u00e9 et cette honn\u00eatet\u00e9 pourraient \u00eatre mentionn\u00e9es sur un document \u00e9crit ou mieux, en ce d\u00e9but de XXIe si\u00e8cle, sur un site internet.<\/p>\r\n\r\n\r\n\r\n<p>Certaines organisations professionnelles (comme <a href=\"http:\/\/psy-en-mouvement.com\/\" target=\"_blank\" rel=\"noreferrer noopener\">PsY en mouvement<\/a>) ont cette exigence. Les praticiens qui sont reconnus par leurs pairs offrent ainsi un gage de s\u00e9rieux pour le citoyen. Ces organisations ont aussi un r\u00f4le d\u2019information du public, et des autres professionnels de la sant\u00e9, en premier lieu les m\u00e9decins car ce sont tr\u00e8s souvent eux qui orientent leur patient vers un th\u00e9rapeute, titr\u00e9 ou non.<\/p>\r\n\r\n\r\n\r\n<p>Des associations d\u2019usagers seraient les bienvenues, pour compl\u00e9ter l\u2019information sur les bonnes pratiques et celles qui ne sont pas acceptables.<\/p>\r\n\r\n\r\n\r\n<h2 class=\"wp-block-heading\">Une alliance entre celui qui demande et celui qui aide<\/h2>\r\n\r\n\r\n\r\n<p>Il faut que le sujet humain en demande puisse avoir \u00e0 sa disposition un large spectre de m\u00e9thodes, de th\u00e9ories, et surtout de praticiens pour pouvoir trouver celle ou celui qui sera le mieux \u00e0 m\u00eame de l\u2019aider. Au moins, r\u00e9jouissons-nous que la loi ne r\u00e9glemente pas encore l\u2019exercice de la psychoth\u00e9rapie.<\/p>\r\n\r\n\r\n\r\n<p>Un cadre trop strict nuirait \u00e0 la cr\u00e9ativit\u00e9 et \u00e0 l\u2019adaptabilit\u00e9 n\u00e9cessaire.<\/p>\r\n\r\n\r\n\r\n<p class=\"has-background has-very-light-gray-background-color\">La psychoth\u00e9rapie n\u2019est pas l\u2019application d\u2019une m\u00e9thode apprise pendant des \u00e9tudes \u00e0 un \u00ab\u00a0cas\u00a0\u00bb de pathologie bien r\u00e9f\u00e9renc\u00e9e. Elle est une alliance entre celui qui demande et celui qui aide. Le praticien, ou th\u00e9rapeute est au service du sujet. Il est d\u2019abord centr\u00e9 sur lui, pour l\u2019accompagner dans ce dont il a besoin.<\/p>\r\n\r\n\r\n\r\n<p class=\"has-background has-very-light-gray-background-color\">Ce n\u2019est que secondairement que le praticien fait appel \u00e0 ses connaissances, \u00e0 son savoir faire et surtout \u00e0 sa capacit\u00e9 de prendre de la distance par rapport \u00e0 lui-m\u00eame afin d\u2019\u00eatre totalement dans l\u2019univers de celui qui le consulte.<\/p>\r\n\r\n\r\n\r\n<p class=\"has-background has-very-light-gray-background-color\">Cette qualit\u00e9 indispensable au th\u00e9rapeute s\u2019acquiert plus par le travail qu\u2019il a fait sur lui-m\u00eame que par les \u00e9tudes th\u00e9oriques, pourtant bien utiles, qu\u2019il aura pu suivre.<\/p>\r\n\r\n\r\n\r\n<p class=\"has-background has-cyan-bluish-gray-background-color\"><strong>SOURCE DE L&rsquo;ARTICLE :\u00a0 NouvelObs, avec Rue89 | Avec la loi sur les psychoth\u00e9rapeutes, comment s&rsquo;y retrouver ?|En ligne | Consult\u00e9 le 30 septembre 2018 | Accessible en ligne \u00e0 l&rsquo;adresse suivante : <\/strong><a href=\"http:\/\/www.nouvelobs.com\/journaliste\/311966\/bruno_da_coret.html\">https:\/\/www.nouvelobs.com\/rue89\/rue89-nos-vies-connectees\/20110513.RUE2288\/avec-la-loi-sur-les-psychotherapeutes-comment-s-y-retrouver.html<\/a><\/p>\r\n","protected":false},"excerpt":{"rendered":"<p>BRUNO CORET, Journaliste, RUE 89, 13 MAI 2011 Voil\u00e0 un an qu\u2019un nouveau type de psy a \u00e9t\u00e9 cr\u00e9\u00e9 par la loi Accoyer. Une minorit\u00e9 de praticiens prendront le titre de \u00ab\u00a0psychoth\u00e9rapeute\u00a0\u00bb. Et pour les patients, comment s\u2019y retrouver\u00a0? La loi de 2004\u00a0a fait na\u00eetre un registre national des psychoth\u00e9rapeutes. S\u2019ils ne s\u2019y inscrivent pas, &hellip; <\/p>\n<p class=\"link-more\"><a href=\"https:\/\/levy-acp.fr\/index.php\/avec-la-loi-sur-les-psychotherapeutes-comment-sy-retrouver\/\" class=\"more-link\">Continuer la lecture<span class=\"screen-reader-text\"> de &laquo;&nbsp;Avec la loi sur les psychoth\u00e9rapeutes, comment s&rsquo;y retrouver ?&nbsp;&raquo;<\/span><\/a><\/p>\n","protected":false},"author":1,"featured_media":0,"parent":0,"menu_order":0,"comment_status":"closed","ping_status":"closed","template":"","meta":{"footnotes":""},"class_list":["post-436","page","type-page","status-publish","hentry"],"yoast_head":"<!-- This site is optimized with the Yoast SEO plugin v26.9 - https:\/\/yoast.com\/product\/yoast-seo-wordpress\/ -->\n<title>Avec la loi sur les psychoth\u00e9rapeutes, comment s&#039;y retrouver ? - PSYCHOTH\u00c9RAPIE<\/title>\n<meta name=\"description\" content=\"Qu&#039;est-ce qu&#039;un psychopraticien, une psychoth\u00e9rapeute ?\" \/>\n<meta name=\"robots\" content=\"index, follow, max-snippet:-1, max-image-preview:large, max-video-preview:-1\" \/>\n<link rel=\"canonical\" href=\"https:\/\/levy-acp.fr\/index.php\/avec-la-loi-sur-les-psychotherapeutes-comment-sy-retrouver\/\" \/>\n<meta property=\"og:locale\" content=\"fr_FR\" \/>\n<meta property=\"og:type\" content=\"article\" \/>\n<meta property=\"og:title\" content=\"Avec la loi sur les psychoth\u00e9rapeutes, comment s&#039;y retrouver ? - PSYCHOTH\u00c9RAPIE\" \/>\n<meta property=\"og:description\" content=\"Qu&#039;est-ce qu&#039;un psychopraticien, une psychoth\u00e9rapeute ?\" \/>\n<meta property=\"og:url\" content=\"https:\/\/levy-acp.fr\/index.php\/avec-la-loi-sur-les-psychotherapeutes-comment-sy-retrouver\/\" \/>\n<meta property=\"og:site_name\" content=\"PSYCHOTH\u00c9RAPIE\" \/>\n<meta property=\"article:modified_time\" content=\"2021-04-26T07:29:26+00:00\" \/>\n<meta name=\"twitter:card\" content=\"summary_large_image\" \/>\n<meta name=\"twitter:label1\" content=\"Dur\u00e9e de lecture estim\u00e9e\" \/>\n\t<meta name=\"twitter:data1\" content=\"5 minutes\" \/>\n<script type=\"application\/ld+json\" class=\"yoast-schema-graph\">{\"@context\":\"https:\/\/schema.org\",\"@graph\":[{\"@type\":\"WebPage\",\"@id\":\"https:\/\/levy-acp.fr\/index.php\/avec-la-loi-sur-les-psychotherapeutes-comment-sy-retrouver\/\",\"url\":\"https:\/\/levy-acp.fr\/index.php\/avec-la-loi-sur-les-psychotherapeutes-comment-sy-retrouver\/\",\"name\":\"Avec la loi sur les psychoth\u00e9rapeutes, comment s'y retrouver ? - PSYCHOTH\u00c9RAPIE\",\"isPartOf\":{\"@id\":\"https:\/\/levy-acp.fr\/#website\"},\"datePublished\":\"2018-09-30T15:21:19+00:00\",\"dateModified\":\"2021-04-26T07:29:26+00:00\",\"description\":\"Qu'est-ce qu'un psychopraticien, une psychoth\u00e9rapeute ?\",\"breadcrumb\":{\"@id\":\"https:\/\/levy-acp.fr\/index.php\/avec-la-loi-sur-les-psychotherapeutes-comment-sy-retrouver\/#breadcrumb\"},\"inLanguage\":\"fr-FR\",\"potentialAction\":[{\"@type\":\"ReadAction\",\"target\":[\"https:\/\/levy-acp.fr\/index.php\/avec-la-loi-sur-les-psychotherapeutes-comment-sy-retrouver\/\"]}]},{\"@type\":\"BreadcrumbList\",\"@id\":\"https:\/\/levy-acp.fr\/index.php\/avec-la-loi-sur-les-psychotherapeutes-comment-sy-retrouver\/#breadcrumb\",\"itemListElement\":[{\"@type\":\"ListItem\",\"position\":1,\"name\":\"Accueil\",\"item\":\"https:\/\/levy-acp.fr\/\"},{\"@type\":\"ListItem\",\"position\":2,\"name\":\"Avec la loi sur les psychoth\u00e9rapeutes, comment s&rsquo;y retrouver ?\"}]},{\"@type\":\"WebSite\",\"@id\":\"https:\/\/levy-acp.fr\/#website\",\"url\":\"https:\/\/levy-acp.fr\/\",\"name\":\"PSYCHOTH\u00c9RAPIE\",\"description\":\"JEAN-CHARLES L\u00c9VY |  PSYCHOPRATICIEN CERTIFI\u00c9 | LE MANS\",\"potentialAction\":[{\"@type\":\"SearchAction\",\"target\":{\"@type\":\"EntryPoint\",\"urlTemplate\":\"https:\/\/levy-acp.fr\/?s={search_term_string}\"},\"query-input\":{\"@type\":\"PropertyValueSpecification\",\"valueRequired\":true,\"valueName\":\"search_term_string\"}}],\"inLanguage\":\"fr-FR\"}]}<\/script>\n<!-- \/ Yoast SEO plugin. -->","yoast_head_json":{"title":"Avec la loi sur les psychoth\u00e9rapeutes, comment s'y retrouver ? - PSYCHOTH\u00c9RAPIE","description":"Qu'est-ce qu'un psychopraticien, une psychoth\u00e9rapeute ?","robots":{"index":"index","follow":"follow","max-snippet":"max-snippet:-1","max-image-preview":"max-image-preview:large","max-video-preview":"max-video-preview:-1"},"canonical":"https:\/\/levy-acp.fr\/index.php\/avec-la-loi-sur-les-psychotherapeutes-comment-sy-retrouver\/","og_locale":"fr_FR","og_type":"article","og_title":"Avec la loi sur les psychoth\u00e9rapeutes, comment s'y retrouver ? - PSYCHOTH\u00c9RAPIE","og_description":"Qu'est-ce qu'un psychopraticien, une psychoth\u00e9rapeute ?","og_url":"https:\/\/levy-acp.fr\/index.php\/avec-la-loi-sur-les-psychotherapeutes-comment-sy-retrouver\/","og_site_name":"PSYCHOTH\u00c9RAPIE","article_modified_time":"2021-04-26T07:29:26+00:00","twitter_card":"summary_large_image","twitter_misc":{"Dur\u00e9e de lecture estim\u00e9e":"5 minutes"},"schema":{"@context":"https:\/\/schema.org","@graph":[{"@type":"WebPage","@id":"https:\/\/levy-acp.fr\/index.php\/avec-la-loi-sur-les-psychotherapeutes-comment-sy-retrouver\/","url":"https:\/\/levy-acp.fr\/index.php\/avec-la-loi-sur-les-psychotherapeutes-comment-sy-retrouver\/","name":"Avec la loi sur les psychoth\u00e9rapeutes, comment s'y retrouver ? - PSYCHOTH\u00c9RAPIE","isPartOf":{"@id":"https:\/\/levy-acp.fr\/#website"},"datePublished":"2018-09-30T15:21:19+00:00","dateModified":"2021-04-26T07:29:26+00:00","description":"Qu'est-ce qu'un psychopraticien, une psychoth\u00e9rapeute ?","breadcrumb":{"@id":"https:\/\/levy-acp.fr\/index.php\/avec-la-loi-sur-les-psychotherapeutes-comment-sy-retrouver\/#breadcrumb"},"inLanguage":"fr-FR","potentialAction":[{"@type":"ReadAction","target":["https:\/\/levy-acp.fr\/index.php\/avec-la-loi-sur-les-psychotherapeutes-comment-sy-retrouver\/"]}]},{"@type":"BreadcrumbList","@id":"https:\/\/levy-acp.fr\/index.php\/avec-la-loi-sur-les-psychotherapeutes-comment-sy-retrouver\/#breadcrumb","itemListElement":[{"@type":"ListItem","position":1,"name":"Accueil","item":"https:\/\/levy-acp.fr\/"},{"@type":"ListItem","position":2,"name":"Avec la loi sur les psychoth\u00e9rapeutes, comment s&rsquo;y retrouver ?"}]},{"@type":"WebSite","@id":"https:\/\/levy-acp.fr\/#website","url":"https:\/\/levy-acp.fr\/","name":"PSYCHOTH\u00c9RAPIE","description":"JEAN-CHARLES L\u00c9VY |  PSYCHOPRATICIEN CERTIFI\u00c9 | LE MANS","potentialAction":[{"@type":"SearchAction","target":{"@type":"EntryPoint","urlTemplate":"https:\/\/levy-acp.fr\/?s={search_term_string}"},"query-input":{"@type":"PropertyValueSpecification","valueRequired":true,"valueName":"search_term_string"}}],"inLanguage":"fr-FR"}]}},"_links":{"self":[{"href":"https:\/\/levy-acp.fr\/index.php\/wp-json\/wp\/v2\/pages\/436","targetHints":{"allow":["GET"]}}],"collection":[{"href":"https:\/\/levy-acp.fr\/index.php\/wp-json\/wp\/v2\/pages"}],"about":[{"href":"https:\/\/levy-acp.fr\/index.php\/wp-json\/wp\/v2\/types\/page"}],"author":[{"embeddable":true,"href":"https:\/\/levy-acp.fr\/index.php\/wp-json\/wp\/v2\/users\/1"}],"replies":[{"embeddable":true,"href":"https:\/\/levy-acp.fr\/index.php\/wp-json\/wp\/v2\/comments?post=436"}],"version-history":[{"count":10,"href":"https:\/\/levy-acp.fr\/index.php\/wp-json\/wp\/v2\/pages\/436\/revisions"}],"predecessor-version":[{"id":1485,"href":"https:\/\/levy-acp.fr\/index.php\/wp-json\/wp\/v2\/pages\/436\/revisions\/1485"}],"wp:attachment":[{"href":"https:\/\/levy-acp.fr\/index.php\/wp-json\/wp\/v2\/media?parent=436"}],"curies":[{"name":"wp","href":"https:\/\/api.w.org\/{rel}","templated":true}]}}