{"id":332,"date":"2018-09-30T10:56:39","date_gmt":"2018-09-30T08:56:39","guid":{"rendered":"http:\/\/levy-acp.fr\/?page_id=332"},"modified":"2025-10-20T19:17:22","modified_gmt":"2025-10-20T17:17:22","slug":"mentions-legales","status":"publish","type":"page","link":"https:\/\/levy-acp.fr\/index.php\/mentions-legales\/","title":{"rendered":"MENTIONS L\u00c9GALES"},"content":{"rendered":"\r\n<h2 class=\"wp-block-heading\"><span style=\"color: #808080;\">Responsable \u00e9ditorial et contact<\/span><\/h2>\r\n\r\n\r\n\r\n<p>JEAN-CHARLES L\u00c9VY | LE MANS | 06 70 16 23 57<\/p>\r\n\r\n\r\n\r\n\r\n\r\n\r\n\r\n<h2 class=\"wp-block-heading\"><span style=\"color: #808080;\">Forme juridique<\/span><\/h2>\r\n<p>L&rsquo;activit\u00e9 est port\u00e9e jusqu&rsquo;au 31 octobre 2025 par une auto-entreprise et sera ensuite propos\u00e9e, \u00e0 compter du 1er novembre 2025, dans le cadre de l&rsquo;association d\u00e9clar\u00e9e <strong>Pour une \u00e9coute active<\/strong>, publi\u00e9e au <a href=\"https:\/\/www.journal-officiel.gouv.fr\/pages\/associations-detail-annonce\/?q.id=id:202500411322\" target=\"_blank\" rel=\"noopener\">Journal officiel<\/a>.\u00a0<\/p>\r\n<h2><span style=\"color: #808080;\">Utilisation de donn\u00e9es personnelles collect\u00e9es<\/span><\/h2>\r\n\r\n\r\n\r\n<p>Les donn\u00e9es collect\u00e9es, mails et num\u00e9ros de t\u00e9l\u00e9phones, ne sont pas conserv\u00e9es sur ce site et servent uniquement \u00e0 la prise et confirmation \u00e9ventuelle de rendez-vous. Ce site s&rsquo;utilise pas de cookies.<\/p>\r\n\r\n\r\n\r\n<h2 class=\"wp-block-heading\"><span style=\"color: #808080;\">Contenu embarqu\u00e9 depuis d\u2019autres sites<\/span><\/h2>\r\n\r\n\r\n\r\n<p>Les articles de ce site peuvent inclure des contenus int\u00e9gr\u00e9s (par exemple des vid\u00e9os, images, articles\u2026). Le contenu int\u00e9gr\u00e9 depuis d\u2019autres sites se comporte de la m\u00eame mani\u00e8re que si le visiteur se rendait sur cet autre site.<\/p>\r\n\r\n\r\n\r\n<p>Ces sites web pourraient collecter des donn\u00e9es sur vous, utiliser des cookies, embarquer des outils de suivis tiers, suivre vos interactions avec ces contenus embarqu\u00e9s si vous disposez d\u2019un compte connect\u00e9 sur leur site web.<\/p>\r\n\r\n\r\n\r\n<h2 class=\"wp-block-heading\"><span style=\"color: #808080;\">H\u00e9bergement<\/span><\/h2>\r\n\r\n\r\n\r\n<p><strong>OVH<\/strong><\/p>\r\n\r\n\r\n\r\n<p>RCS Lille M\u00e9tropole 424 761 419 00045<br \/>Code APE 6202A<br \/>N\u00b0 TVA : FR 22 424 761 419<br \/>Si\u00e8ge social : 2 rue Kellermann \u2013 59100 Roubaix \u2013 France.<br \/>Directeur de la publication : Octave KLABA<\/p>\r\n<h2><span style=\"color: #808080;\">Photos<\/span><\/h2>\r\n<p>Toutes les photos et le logos rel\u00e8vent du copyright priv\u00e9.<\/p>\r\n<p><strong>Photo du bandeau<\/strong> : Brighton, 2011 \u00a9 JCL<\/p>\r\n<p><strong>Photo int\u00e9rieure<\/strong> : Bord de Sarthe, 2020 \u00a9 JCL<\/p>\r\n<p>&nbsp;<\/p>\r\n<p>&nbsp;<\/p>\r\n","protected":false},"excerpt":{"rendered":"<p>Responsable \u00e9ditorial et contact JEAN-CHARLES L\u00c9VY | LE MANS | 06 70 16 23 57 Forme juridique L&rsquo;activit\u00e9 est port\u00e9e jusqu&rsquo;au 31 octobre 2025 par une auto-entreprise et sera ensuite propos\u00e9e, \u00e0 compter du 1er novembre 2025, dans le cadre de l&rsquo;association d\u00e9clar\u00e9e Pour une \u00e9coute active, publi\u00e9e au Journal officiel.\u00a0 Utilisation de donn\u00e9es personnelles &hellip; <\/p>\n<p class=\"link-more\"><a href=\"https:\/\/levy-acp.fr\/index.php\/mentions-legales\/\" class=\"more-link\">Continuer la lecture<span class=\"screen-reader-text\"> de &laquo;&nbsp;MENTIONS L\u00c9GALES&nbsp;&raquo;<\/span><\/a><\/p>\n","protected":false},"author":1,"featured_media":0,"parent":0,"menu_order":0,"comment_status":"closed","ping_status":"closed","template":"","meta":{"footnotes":""},"class_list":["post-332","page","type-page","status-publish","hentry"],"yoast_head":"<!-- This site is optimized with the Yoast SEO plugin v26.9 - https:\/\/yoast.com\/product\/yoast-seo-wordpress\/ -->\n<title>MENTIONS L\u00c9GALES - PSYCHOTH\u00c9RAPIE<\/title>\n<meta name=\"description\" content=\"Praticien de la psychoth\u00e9rapie form\u00e9 \u00e0 l&#039;approche centr\u00e9e sur la personne (Carl Rogers), en exercice au Mans.\" \/>\n<meta name=\"robots\" content=\"index, follow, max-snippet:-1, max-image-preview:large, max-video-preview:-1\" \/>\n<link rel=\"canonical\" href=\"https:\/\/levy-acp.fr\/index.php\/mentions-legales\/\" \/>\n<meta property=\"og:locale\" content=\"fr_FR\" \/>\n<meta property=\"og:type\" content=\"article\" \/>\n<meta property=\"og:title\" content=\"MENTIONS L\u00c9GALES - PSYCHOTH\u00c9RAPIE\" \/>\n<meta property=\"og:description\" content=\"Praticien de la psychoth\u00e9rapie form\u00e9 \u00e0 l&#039;approche centr\u00e9e sur la personne (Carl Rogers), en exercice au Mans.\" \/>\n<meta property=\"og:url\" content=\"https:\/\/levy-acp.fr\/index.php\/mentions-legales\/\" \/>\n<meta property=\"og:site_name\" content=\"PSYCHOTH\u00c9RAPIE\" \/>\n<meta property=\"article:modified_time\" content=\"2025-10-20T17:17:22+00:00\" \/>\n<meta name=\"twitter:card\" content=\"summary_large_image\" \/>\n<meta name=\"twitter:label1\" content=\"Dur\u00e9e de lecture estim\u00e9e\" \/>\n\t<meta name=\"twitter:data1\" content=\"1 minute\" \/>\n<script type=\"application\/ld+json\" class=\"yoast-schema-graph\">{\"@context\":\"https:\/\/schema.org\",\"@graph\":[{\"@type\":\"WebPage\",\"@id\":\"https:\/\/levy-acp.fr\/index.php\/mentions-legales\/\",\"url\":\"https:\/\/levy-acp.fr\/index.php\/mentions-legales\/\",\"name\":\"MENTIONS L\u00c9GALES - PSYCHOTH\u00c9RAPIE\",\"isPartOf\":{\"@id\":\"https:\/\/levy-acp.fr\/#website\"},\"datePublished\":\"2018-09-30T08:56:39+00:00\",\"dateModified\":\"2025-10-20T17:17:22+00:00\",\"description\":\"Praticien de la psychoth\u00e9rapie form\u00e9 \u00e0 l'approche centr\u00e9e sur la personne (Carl Rogers), en exercice au Mans.\",\"breadcrumb\":{\"@id\":\"https:\/\/levy-acp.fr\/index.php\/mentions-legales\/#breadcrumb\"},\"inLanguage\":\"fr-FR\",\"potentialAction\":[{\"@type\":\"ReadAction\",\"target\":[\"https:\/\/levy-acp.fr\/index.php\/mentions-legales\/\"]}]},{\"@type\":\"BreadcrumbList\",\"@id\":\"https:\/\/levy-acp.fr\/index.php\/mentions-legales\/#breadcrumb\",\"itemListElement\":[{\"@type\":\"ListItem\",\"position\":1,\"name\":\"Accueil\",\"item\":\"https:\/\/levy-acp.fr\/\"},{\"@type\":\"ListItem\",\"position\":2,\"name\":\"MENTIONS L\u00c9GALES\"}]},{\"@type\":\"WebSite\",\"@id\":\"https:\/\/levy-acp.fr\/#website\",\"url\":\"https:\/\/levy-acp.fr\/\",\"name\":\"PSYCHOTH\u00c9RAPIE\",\"description\":\"JEAN-CHARLES L\u00c9VY |  PSYCHOPRATICIEN CERTIFI\u00c9 | LE MANS\",\"potentialAction\":[{\"@type\":\"SearchAction\",\"target\":{\"@type\":\"EntryPoint\",\"urlTemplate\":\"https:\/\/levy-acp.fr\/?s={search_term_string}\"},\"query-input\":{\"@type\":\"PropertyValueSpecification\",\"valueRequired\":true,\"valueName\":\"search_term_string\"}}],\"inLanguage\":\"fr-FR\"}]}<\/script>\n<!-- \/ Yoast SEO plugin. -->","yoast_head_json":{"title":"MENTIONS L\u00c9GALES - PSYCHOTH\u00c9RAPIE","description":"Praticien de la psychoth\u00e9rapie form\u00e9 \u00e0 l'approche centr\u00e9e sur la personne (Carl Rogers), en exercice au Mans.","robots":{"index":"index","follow":"follow","max-snippet":"max-snippet:-1","max-image-preview":"max-image-preview:large","max-video-preview":"max-video-preview:-1"},"canonical":"https:\/\/levy-acp.fr\/index.php\/mentions-legales\/","og_locale":"fr_FR","og_type":"article","og_title":"MENTIONS L\u00c9GALES - PSYCHOTH\u00c9RAPIE","og_description":"Praticien de la psychoth\u00e9rapie form\u00e9 \u00e0 l'approche centr\u00e9e sur la personne (Carl Rogers), en exercice au Mans.","og_url":"https:\/\/levy-acp.fr\/index.php\/mentions-legales\/","og_site_name":"PSYCHOTH\u00c9RAPIE","article_modified_time":"2025-10-20T17:17:22+00:00","twitter_card":"summary_large_image","twitter_misc":{"Dur\u00e9e de lecture estim\u00e9e":"1 minute"},"schema":{"@context":"https:\/\/schema.org","@graph":[{"@type":"WebPage","@id":"https:\/\/levy-acp.fr\/index.php\/mentions-legales\/","url":"https:\/\/levy-acp.fr\/index.php\/mentions-legales\/","name":"MENTIONS L\u00c9GALES - PSYCHOTH\u00c9RAPIE","isPartOf":{"@id":"https:\/\/levy-acp.fr\/#website"},"datePublished":"2018-09-30T08:56:39+00:00","dateModified":"2025-10-20T17:17:22+00:00","description":"Praticien de la psychoth\u00e9rapie form\u00e9 \u00e0 l'approche centr\u00e9e sur la personne (Carl Rogers), en exercice au Mans.","breadcrumb":{"@id":"https:\/\/levy-acp.fr\/index.php\/mentions-legales\/#breadcrumb"},"inLanguage":"fr-FR","potentialAction":[{"@type":"ReadAction","target":["https:\/\/levy-acp.fr\/index.php\/mentions-legales\/"]}]},{"@type":"BreadcrumbList","@id":"https:\/\/levy-acp.fr\/index.php\/mentions-legales\/#breadcrumb","itemListElement":[{"@type":"ListItem","position":1,"name":"Accueil","item":"https:\/\/levy-acp.fr\/"},{"@type":"ListItem","position":2,"name":"MENTIONS L\u00c9GALES"}]},{"@type":"WebSite","@id":"https:\/\/levy-acp.fr\/#website","url":"https:\/\/levy-acp.fr\/","name":"PSYCHOTH\u00c9RAPIE","description":"JEAN-CHARLES L\u00c9VY |  PSYCHOPRATICIEN CERTIFI\u00c9 | LE MANS","potentialAction":[{"@type":"SearchAction","target":{"@type":"EntryPoint","urlTemplate":"https:\/\/levy-acp.fr\/?s={search_term_string}"},"query-input":{"@type":"PropertyValueSpecification","valueRequired":true,"valueName":"search_term_string"}}],"inLanguage":"fr-FR"}]}},"_links":{"self":[{"href":"https:\/\/levy-acp.fr\/index.php\/wp-json\/wp\/v2\/pages\/332","targetHints":{"allow":["GET"]}}],"collection":[{"href":"https:\/\/levy-acp.fr\/index.php\/wp-json\/wp\/v2\/pages"}],"about":[{"href":"https:\/\/levy-acp.fr\/index.php\/wp-json\/wp\/v2\/types\/page"}],"author":[{"embeddable":true,"href":"https:\/\/levy-acp.fr\/index.php\/wp-json\/wp\/v2\/users\/1"}],"replies":[{"embeddable":true,"href":"https:\/\/levy-acp.fr\/index.php\/wp-json\/wp\/v2\/comments?post=332"}],"version-history":[{"count":24,"href":"https:\/\/levy-acp.fr\/index.php\/wp-json\/wp\/v2\/pages\/332\/revisions"}],"predecessor-version":[{"id":2497,"href":"https:\/\/levy-acp.fr\/index.php\/wp-json\/wp\/v2\/pages\/332\/revisions\/2497"}],"wp:attachment":[{"href":"https:\/\/levy-acp.fr\/index.php\/wp-json\/wp\/v2\/media?parent=332"}],"curies":[{"name":"wp","href":"https:\/\/api.w.org\/{rel}","templated":true}]}}