{"id":2490,"date":"2025-10-13T13:24:06","date_gmt":"2025-10-13T11:24:06","guid":{"rendered":"https:\/\/levy-acp.fr\/?page_id=2490"},"modified":"2025-10-13T13:24:06","modified_gmt":"2025-10-13T11:24:06","slug":"pour-une-ecoute-active","status":"publish","type":"page","link":"https:\/\/levy-acp.fr\/index.php\/pour-une-ecoute-active\/","title":{"rendered":"Pour une \u00e9coute active"},"content":{"rendered":"<p>Association d\u00e9clar\u00e9e, <strong>Pour une \u00e9coute active<\/strong> se propose de faire conna\u00eetre l\u2019\u00e9coute active dans l\u2019Approche Centr\u00e9e sur la Personne (travaux de Carl\u00a0 Rogers et autres). Elle se livre \u00e0 des <strong>activit\u00e9s lucratives<\/strong> d\u2019accompagnement psychoth\u00e9rapeutique, de formation et de diffusion. Elle cherche \u00e0 ouvrir des espaces d\u2019\u00e9coute individuels et collectifs dans des cadres divers (institutions, espaces publics) \u00e0 destination de publics mixtes (professionnels et usagers, gratuits et payants, par exemple). L&rsquo;adaptation des tarifs aux revenus des personnes est l&rsquo;une de ses ambitions.<\/p>\n","protected":false},"excerpt":{"rendered":"<p>Association d\u00e9clar\u00e9e, Pour une \u00e9coute active se propose de faire conna\u00eetre l\u2019\u00e9coute active dans l\u2019Approche Centr\u00e9e sur la Personne (travaux de Carl\u00a0 Rogers et autres). Elle se livre \u00e0 des activit\u00e9s lucratives d\u2019accompagnement psychoth\u00e9rapeutique, de formation et de diffusion. Elle cherche \u00e0 ouvrir des espaces d\u2019\u00e9coute individuels et collectifs dans des cadres divers (institutions, espaces &hellip; <\/p>\n<p class=\"link-more\"><a href=\"https:\/\/levy-acp.fr\/index.php\/pour-une-ecoute-active\/\" class=\"more-link\">Continuer la lecture<span class=\"screen-reader-text\"> de &laquo;&nbsp;Pour une \u00e9coute active&nbsp;&raquo;<\/span><\/a><\/p>\n","protected":false},"author":1,"featured_media":0,"parent":0,"menu_order":0,"comment_status":"closed","ping_status":"closed","template":"","meta":{"footnotes":""},"class_list":["post-2490","page","type-page","status-publish","hentry"],"yoast_head":"<!-- This site is optimized with the Yoast SEO plugin v26.9 - https:\/\/yoast.com\/product\/yoast-seo-wordpress\/ -->\n<title>Pour une \u00e9coute active - PSYCHOTH\u00c9RAPIE<\/title>\n<meta name=\"robots\" content=\"index, follow, max-snippet:-1, max-image-preview:large, max-video-preview:-1\" \/>\n<link rel=\"canonical\" href=\"https:\/\/levy-acp.fr\/index.php\/pour-une-ecoute-active\/\" \/>\n<meta property=\"og:locale\" content=\"fr_FR\" \/>\n<meta property=\"og:type\" content=\"article\" \/>\n<meta property=\"og:title\" content=\"Pour une \u00e9coute active - PSYCHOTH\u00c9RAPIE\" \/>\n<meta property=\"og:description\" content=\"Association d\u00e9clar\u00e9e, Pour une \u00e9coute active se propose de faire conna\u00eetre l\u2019\u00e9coute active dans l\u2019Approche Centr\u00e9e sur la Personne (travaux de Carl\u00a0 Rogers et autres). Elle se livre \u00e0 des activit\u00e9s lucratives d\u2019accompagnement psychoth\u00e9rapeutique, de formation et de diffusion. Elle cherche \u00e0 ouvrir des espaces d\u2019\u00e9coute individuels et collectifs dans des cadres divers (institutions, espaces &hellip; Continuer la lecture de &laquo;&nbsp;Pour une \u00e9coute active&nbsp;&raquo;\" \/>\n<meta property=\"og:url\" content=\"https:\/\/levy-acp.fr\/index.php\/pour-une-ecoute-active\/\" \/>\n<meta property=\"og:site_name\" content=\"PSYCHOTH\u00c9RAPIE\" \/>\n<meta name=\"twitter:card\" content=\"summary_large_image\" \/>\n<script type=\"application\/ld+json\" class=\"yoast-schema-graph\">{\"@context\":\"https:\/\/schema.org\",\"@graph\":[{\"@type\":\"WebPage\",\"@id\":\"https:\/\/levy-acp.fr\/index.php\/pour-une-ecoute-active\/\",\"url\":\"https:\/\/levy-acp.fr\/index.php\/pour-une-ecoute-active\/\",\"name\":\"Pour une \u00e9coute active - PSYCHOTH\u00c9RAPIE\",\"isPartOf\":{\"@id\":\"https:\/\/levy-acp.fr\/#website\"},\"datePublished\":\"2025-10-13T11:24:06+00:00\",\"breadcrumb\":{\"@id\":\"https:\/\/levy-acp.fr\/index.php\/pour-une-ecoute-active\/#breadcrumb\"},\"inLanguage\":\"fr-FR\",\"potentialAction\":[{\"@type\":\"ReadAction\",\"target\":[\"https:\/\/levy-acp.fr\/index.php\/pour-une-ecoute-active\/\"]}]},{\"@type\":\"BreadcrumbList\",\"@id\":\"https:\/\/levy-acp.fr\/index.php\/pour-une-ecoute-active\/#breadcrumb\",\"itemListElement\":[{\"@type\":\"ListItem\",\"position\":1,\"name\":\"Accueil\",\"item\":\"https:\/\/levy-acp.fr\/\"},{\"@type\":\"ListItem\",\"position\":2,\"name\":\"Pour une \u00e9coute active\"}]},{\"@type\":\"WebSite\",\"@id\":\"https:\/\/levy-acp.fr\/#website\",\"url\":\"https:\/\/levy-acp.fr\/\",\"name\":\"PSYCHOTH\u00c9RAPIE\",\"description\":\"JEAN-CHARLES L\u00c9VY |  PSYCHOPRATICIEN CERTIFI\u00c9 | LE MANS\",\"potentialAction\":[{\"@type\":\"SearchAction\",\"target\":{\"@type\":\"EntryPoint\",\"urlTemplate\":\"https:\/\/levy-acp.fr\/?s={search_term_string}\"},\"query-input\":{\"@type\":\"PropertyValueSpecification\",\"valueRequired\":true,\"valueName\":\"search_term_string\"}}],\"inLanguage\":\"fr-FR\"}]}<\/script>\n<!-- \/ Yoast SEO plugin. -->","yoast_head_json":{"title":"Pour une \u00e9coute active - PSYCHOTH\u00c9RAPIE","robots":{"index":"index","follow":"follow","max-snippet":"max-snippet:-1","max-image-preview":"max-image-preview:large","max-video-preview":"max-video-preview:-1"},"canonical":"https:\/\/levy-acp.fr\/index.php\/pour-une-ecoute-active\/","og_locale":"fr_FR","og_type":"article","og_title":"Pour une \u00e9coute active - PSYCHOTH\u00c9RAPIE","og_description":"Association d\u00e9clar\u00e9e, Pour une \u00e9coute active se propose de faire conna\u00eetre l\u2019\u00e9coute active dans l\u2019Approche Centr\u00e9e sur la Personne (travaux de Carl\u00a0 Rogers et autres). Elle se livre \u00e0 des activit\u00e9s lucratives d\u2019accompagnement psychoth\u00e9rapeutique, de formation et de diffusion. Elle cherche \u00e0 ouvrir des espaces d\u2019\u00e9coute individuels et collectifs dans des cadres divers (institutions, espaces &hellip; Continuer la lecture de &laquo;&nbsp;Pour une \u00e9coute active&nbsp;&raquo;","og_url":"https:\/\/levy-acp.fr\/index.php\/pour-une-ecoute-active\/","og_site_name":"PSYCHOTH\u00c9RAPIE","twitter_card":"summary_large_image","schema":{"@context":"https:\/\/schema.org","@graph":[{"@type":"WebPage","@id":"https:\/\/levy-acp.fr\/index.php\/pour-une-ecoute-active\/","url":"https:\/\/levy-acp.fr\/index.php\/pour-une-ecoute-active\/","name":"Pour une \u00e9coute active - PSYCHOTH\u00c9RAPIE","isPartOf":{"@id":"https:\/\/levy-acp.fr\/#website"},"datePublished":"2025-10-13T11:24:06+00:00","breadcrumb":{"@id":"https:\/\/levy-acp.fr\/index.php\/pour-une-ecoute-active\/#breadcrumb"},"inLanguage":"fr-FR","potentialAction":[{"@type":"ReadAction","target":["https:\/\/levy-acp.fr\/index.php\/pour-une-ecoute-active\/"]}]},{"@type":"BreadcrumbList","@id":"https:\/\/levy-acp.fr\/index.php\/pour-une-ecoute-active\/#breadcrumb","itemListElement":[{"@type":"ListItem","position":1,"name":"Accueil","item":"https:\/\/levy-acp.fr\/"},{"@type":"ListItem","position":2,"name":"Pour une \u00e9coute active"}]},{"@type":"WebSite","@id":"https:\/\/levy-acp.fr\/#website","url":"https:\/\/levy-acp.fr\/","name":"PSYCHOTH\u00c9RAPIE","description":"JEAN-CHARLES L\u00c9VY |  PSYCHOPRATICIEN CERTIFI\u00c9 | LE MANS","potentialAction":[{"@type":"SearchAction","target":{"@type":"EntryPoint","urlTemplate":"https:\/\/levy-acp.fr\/?s={search_term_string}"},"query-input":{"@type":"PropertyValueSpecification","valueRequired":true,"valueName":"search_term_string"}}],"inLanguage":"fr-FR"}]}},"_links":{"self":[{"href":"https:\/\/levy-acp.fr\/index.php\/wp-json\/wp\/v2\/pages\/2490","targetHints":{"allow":["GET"]}}],"collection":[{"href":"https:\/\/levy-acp.fr\/index.php\/wp-json\/wp\/v2\/pages"}],"about":[{"href":"https:\/\/levy-acp.fr\/index.php\/wp-json\/wp\/v2\/types\/page"}],"author":[{"embeddable":true,"href":"https:\/\/levy-acp.fr\/index.php\/wp-json\/wp\/v2\/users\/1"}],"replies":[{"embeddable":true,"href":"https:\/\/levy-acp.fr\/index.php\/wp-json\/wp\/v2\/comments?post=2490"}],"version-history":[{"count":1,"href":"https:\/\/levy-acp.fr\/index.php\/wp-json\/wp\/v2\/pages\/2490\/revisions"}],"predecessor-version":[{"id":2491,"href":"https:\/\/levy-acp.fr\/index.php\/wp-json\/wp\/v2\/pages\/2490\/revisions\/2491"}],"wp:attachment":[{"href":"https:\/\/levy-acp.fr\/index.php\/wp-json\/wp\/v2\/media?parent=2490"}],"curies":[{"name":"wp","href":"https:\/\/api.w.org\/{rel}","templated":true}]}}