{"id":217,"date":"2018-09-29T10:58:00","date_gmt":"2018-09-29T08:58:00","guid":{"rendered":"http:\/\/levy-acp.fr\/?page_id=217"},"modified":"2023-08-21T13:21:21","modified_gmt":"2023-08-21T11:21:21","slug":"psychotherapeute-et-psychopraticien","status":"publish","type":"page","link":"https:\/\/levy-acp.fr\/index.php\/psychotherapeute-et-psychopraticien\/","title":{"rendered":"Pour clarifier"},"content":{"rendered":"<h2>Un titre r\u00e9serv\u00e9<\/h2>\r\n<p>L&rsquo;usage du titre de psychoth\u00e9rapeute est r\u00e9gi par le d\u00e9cret n\u00b0 2010-534 du 20 mai 2010. Depuis, cet <a href=\"https:\/\/www.pays-de-la-loire.ars.sante.fr\/demander-une-reconnaissance-du-titre-de-psychotherapeute\" target=\"_blank\" rel=\"noreferrer noopener\">usage<\/a> est g\u00e9n\u00e9ralement r\u00e9serv\u00e9 aux psychiatres, aux m\u00e9decins, aux psychologues cliniciens et \u00e0 certains praticiens d&rsquo;\u00e9coles de psychanalyse.<\/p>\r\n<p>Aucune formation sp\u00e9cifique \u00e0 la psychoth\u00e9rapie, aucune supervision de sa pratique ni aucune psychoth\u00e9rapie personnelle n&rsquo;est requise pour l&rsquo;usage du titre de psychoth\u00e9rapeute en France.<\/p>\r\n<p>Si l&rsquo;usage du titre est r\u00e9glement\u00e9, la pratique de la psychoth\u00e9rapie reste libre.<\/p>\r\n<p>C&rsquo;est un choix du l\u00e9gislateur.<\/p>\r\n<p>&nbsp;<\/p>\r\n<p><img decoding=\"async\" class=\"alignleft  wp-image-1769\" src=\"https:\/\/levy-acp.fr\/wp-content\/uploads\/2021\/05\/Quote-bleu.png\" alt=\"\" width=\"126\" height=\"88\" \/>\u00ab Des gens qui ne sont pas form\u00e9s \u00e0 l\u2019accompagnement psychoth\u00e9rapeutique peuvent d\u00e9sormais porter le titre, tandis que d\u2019autres professionnels qui le sont \u2013 aujourd\u2019hui appel\u00e9s psychopraticiens \u2013 n\u2019y ont plus droit. \u00bb<\/p>\r\n<p><strong>Pierre Canou\u00ef, <\/strong>p\u00e9dopsychiatre, psychoth\u00e9rapeute, ancien pr\u00e9sident de la F\u00e9d\u00e9ration Fran\u00e7aise de Psychoth\u00e9rapie et Psychanalyse, dans <em>Psychologie <\/em>(juin 2017).<a href=\"https:\/\/www.psychologies.com\/Therapies\/Toutes-les-therapies\/Psychotherapies\/Interviews\/Pierre-Canoui-La-psychotherapie-ne-s-apprend-pas-que-dans-les-livres\" target=\"_blank\" rel=\"noopener\"> LIRE l&rsquo;entretien complet.<\/a><\/p>\r\n<p>&nbsp;<\/p>\r\n\r\n<p><span style=\"color: #1dadad;\"><strong>SOURCE EN LIGNE<\/strong> <\/span>: https:\/\/www.psychologies.com\/Therapies\/Toutes-les-therapies\/Psychotherapies\/Interviews\/Pierre-Canoui-La-psychotherapie-ne-s-apprend-pas-que-dans-les-livres<\/p>\r\n<!-- \/wp:post-content -->","protected":false},"excerpt":{"rendered":"<p>Un titre r\u00e9serv\u00e9 L&rsquo;usage du titre de psychoth\u00e9rapeute est r\u00e9gi par le d\u00e9cret n\u00b0 2010-534 du 20 mai 2010. Depuis, cet usage est g\u00e9n\u00e9ralement r\u00e9serv\u00e9 aux psychiatres, aux m\u00e9decins, aux psychologues cliniciens et \u00e0 certains praticiens d&rsquo;\u00e9coles de psychanalyse. Aucune formation sp\u00e9cifique \u00e0 la psychoth\u00e9rapie, aucune supervision de sa pratique ni aucune psychoth\u00e9rapie personnelle n&rsquo;est &hellip; <\/p>\n<p class=\"link-more\"><a href=\"https:\/\/levy-acp.fr\/index.php\/psychotherapeute-et-psychopraticien\/\" class=\"more-link\">Continuer la lecture<span class=\"screen-reader-text\"> de &laquo;&nbsp;Pour clarifier&nbsp;&raquo;<\/span><\/a><\/p>\n","protected":false},"author":1,"featured_media":0,"parent":0,"menu_order":0,"comment_status":"closed","ping_status":"closed","template":"","meta":{"footnotes":""},"class_list":["post-217","page","type-page","status-publish","hentry"],"yoast_head":"<!-- This site is optimized with the Yoast SEO plugin v26.9 - https:\/\/yoast.com\/product\/yoast-seo-wordpress\/ -->\n<title>Pour clarifier - PSYCHOTH\u00c9RAPIE<\/title>\n<meta name=\"description\" content=\"La loi de 2010 sur les psychoth\u00e9rapeutes et la pratique de la psychoth\u00e9rapie.\" \/>\n<meta name=\"robots\" content=\"index, follow, max-snippet:-1, max-image-preview:large, max-video-preview:-1\" \/>\n<link rel=\"canonical\" href=\"https:\/\/levy-acp.fr\/index.php\/psychotherapeute-et-psychopraticien\/\" \/>\n<meta property=\"og:locale\" content=\"fr_FR\" \/>\n<meta property=\"og:type\" content=\"article\" \/>\n<meta property=\"og:title\" content=\"Pour clarifier - PSYCHOTH\u00c9RAPIE\" \/>\n<meta property=\"og:description\" content=\"La loi de 2010 sur les psychoth\u00e9rapeutes et la pratique de la psychoth\u00e9rapie.\" \/>\n<meta property=\"og:url\" content=\"https:\/\/levy-acp.fr\/index.php\/psychotherapeute-et-psychopraticien\/\" \/>\n<meta property=\"og:site_name\" content=\"PSYCHOTH\u00c9RAPIE\" \/>\n<meta property=\"article:modified_time\" content=\"2023-08-21T11:21:21+00:00\" \/>\n<meta property=\"og:image\" content=\"https:\/\/levy-acp.fr\/wp-content\/uploads\/2021\/05\/Quote-bleu.png\" \/>\n<meta name=\"twitter:card\" content=\"summary_large_image\" \/>\n<meta name=\"twitter:label1\" content=\"Dur\u00e9e de lecture estim\u00e9e\" \/>\n\t<meta name=\"twitter:data1\" content=\"3 minutes\" \/>\n<script type=\"application\/ld+json\" class=\"yoast-schema-graph\">{\"@context\":\"https:\/\/schema.org\",\"@graph\":[{\"@type\":\"WebPage\",\"@id\":\"https:\/\/levy-acp.fr\/index.php\/psychotherapeute-et-psychopraticien\/\",\"url\":\"https:\/\/levy-acp.fr\/index.php\/psychotherapeute-et-psychopraticien\/\",\"name\":\"Pour clarifier - PSYCHOTH\u00c9RAPIE\",\"isPartOf\":{\"@id\":\"https:\/\/levy-acp.fr\/#website\"},\"primaryImageOfPage\":{\"@id\":\"https:\/\/levy-acp.fr\/index.php\/psychotherapeute-et-psychopraticien\/#primaryimage\"},\"image\":{\"@id\":\"https:\/\/levy-acp.fr\/index.php\/psychotherapeute-et-psychopraticien\/#primaryimage\"},\"thumbnailUrl\":\"https:\/\/levy-acp.fr\/wp-content\/uploads\/2021\/05\/Quote-bleu.png\",\"datePublished\":\"2018-09-29T08:58:00+00:00\",\"dateModified\":\"2023-08-21T11:21:21+00:00\",\"description\":\"La loi de 2010 sur les psychoth\u00e9rapeutes et la pratique de la psychoth\u00e9rapie.\",\"breadcrumb\":{\"@id\":\"https:\/\/levy-acp.fr\/index.php\/psychotherapeute-et-psychopraticien\/#breadcrumb\"},\"inLanguage\":\"fr-FR\",\"potentialAction\":[{\"@type\":\"ReadAction\",\"target\":[\"https:\/\/levy-acp.fr\/index.php\/psychotherapeute-et-psychopraticien\/\"]}]},{\"@type\":\"ImageObject\",\"inLanguage\":\"fr-FR\",\"@id\":\"https:\/\/levy-acp.fr\/index.php\/psychotherapeute-et-psychopraticien\/#primaryimage\",\"url\":\"https:\/\/levy-acp.fr\/wp-content\/uploads\/2021\/05\/Quote-bleu-e1700317382369.png\",\"contentUrl\":\"https:\/\/levy-acp.fr\/wp-content\/uploads\/2021\/05\/Quote-bleu-e1700317382369.png\",\"width\":268,\"height\":188},{\"@type\":\"BreadcrumbList\",\"@id\":\"https:\/\/levy-acp.fr\/index.php\/psychotherapeute-et-psychopraticien\/#breadcrumb\",\"itemListElement\":[{\"@type\":\"ListItem\",\"position\":1,\"name\":\"Accueil\",\"item\":\"https:\/\/levy-acp.fr\/\"},{\"@type\":\"ListItem\",\"position\":2,\"name\":\"Pour clarifier\"}]},{\"@type\":\"WebSite\",\"@id\":\"https:\/\/levy-acp.fr\/#website\",\"url\":\"https:\/\/levy-acp.fr\/\",\"name\":\"PSYCHOTH\u00c9RAPIE\",\"description\":\"JEAN-CHARLES L\u00c9VY |  PSYCHOPRATICIEN CERTIFI\u00c9 | LE MANS\",\"potentialAction\":[{\"@type\":\"SearchAction\",\"target\":{\"@type\":\"EntryPoint\",\"urlTemplate\":\"https:\/\/levy-acp.fr\/?s={search_term_string}\"},\"query-input\":{\"@type\":\"PropertyValueSpecification\",\"valueRequired\":true,\"valueName\":\"search_term_string\"}}],\"inLanguage\":\"fr-FR\"}]}<\/script>\n<!-- \/ Yoast SEO plugin. -->","yoast_head_json":{"title":"Pour clarifier - PSYCHOTH\u00c9RAPIE","description":"La loi de 2010 sur les psychoth\u00e9rapeutes et la pratique de la psychoth\u00e9rapie.","robots":{"index":"index","follow":"follow","max-snippet":"max-snippet:-1","max-image-preview":"max-image-preview:large","max-video-preview":"max-video-preview:-1"},"canonical":"https:\/\/levy-acp.fr\/index.php\/psychotherapeute-et-psychopraticien\/","og_locale":"fr_FR","og_type":"article","og_title":"Pour clarifier - PSYCHOTH\u00c9RAPIE","og_description":"La loi de 2010 sur les psychoth\u00e9rapeutes et la pratique de la psychoth\u00e9rapie.","og_url":"https:\/\/levy-acp.fr\/index.php\/psychotherapeute-et-psychopraticien\/","og_site_name":"PSYCHOTH\u00c9RAPIE","article_modified_time":"2023-08-21T11:21:21+00:00","og_image":[{"url":"https:\/\/levy-acp.fr\/wp-content\/uploads\/2021\/05\/Quote-bleu.png","type":"","width":"","height":""}],"twitter_card":"summary_large_image","twitter_misc":{"Dur\u00e9e de lecture estim\u00e9e":"3 minutes"},"schema":{"@context":"https:\/\/schema.org","@graph":[{"@type":"WebPage","@id":"https:\/\/levy-acp.fr\/index.php\/psychotherapeute-et-psychopraticien\/","url":"https:\/\/levy-acp.fr\/index.php\/psychotherapeute-et-psychopraticien\/","name":"Pour clarifier - PSYCHOTH\u00c9RAPIE","isPartOf":{"@id":"https:\/\/levy-acp.fr\/#website"},"primaryImageOfPage":{"@id":"https:\/\/levy-acp.fr\/index.php\/psychotherapeute-et-psychopraticien\/#primaryimage"},"image":{"@id":"https:\/\/levy-acp.fr\/index.php\/psychotherapeute-et-psychopraticien\/#primaryimage"},"thumbnailUrl":"https:\/\/levy-acp.fr\/wp-content\/uploads\/2021\/05\/Quote-bleu.png","datePublished":"2018-09-29T08:58:00+00:00","dateModified":"2023-08-21T11:21:21+00:00","description":"La loi de 2010 sur les psychoth\u00e9rapeutes et la pratique de la psychoth\u00e9rapie.","breadcrumb":{"@id":"https:\/\/levy-acp.fr\/index.php\/psychotherapeute-et-psychopraticien\/#breadcrumb"},"inLanguage":"fr-FR","potentialAction":[{"@type":"ReadAction","target":["https:\/\/levy-acp.fr\/index.php\/psychotherapeute-et-psychopraticien\/"]}]},{"@type":"ImageObject","inLanguage":"fr-FR","@id":"https:\/\/levy-acp.fr\/index.php\/psychotherapeute-et-psychopraticien\/#primaryimage","url":"https:\/\/levy-acp.fr\/wp-content\/uploads\/2021\/05\/Quote-bleu-e1700317382369.png","contentUrl":"https:\/\/levy-acp.fr\/wp-content\/uploads\/2021\/05\/Quote-bleu-e1700317382369.png","width":268,"height":188},{"@type":"BreadcrumbList","@id":"https:\/\/levy-acp.fr\/index.php\/psychotherapeute-et-psychopraticien\/#breadcrumb","itemListElement":[{"@type":"ListItem","position":1,"name":"Accueil","item":"https:\/\/levy-acp.fr\/"},{"@type":"ListItem","position":2,"name":"Pour clarifier"}]},{"@type":"WebSite","@id":"https:\/\/levy-acp.fr\/#website","url":"https:\/\/levy-acp.fr\/","name":"PSYCHOTH\u00c9RAPIE","description":"JEAN-CHARLES L\u00c9VY |  PSYCHOPRATICIEN CERTIFI\u00c9 | LE MANS","potentialAction":[{"@type":"SearchAction","target":{"@type":"EntryPoint","urlTemplate":"https:\/\/levy-acp.fr\/?s={search_term_string}"},"query-input":{"@type":"PropertyValueSpecification","valueRequired":true,"valueName":"search_term_string"}}],"inLanguage":"fr-FR"}]}},"_links":{"self":[{"href":"https:\/\/levy-acp.fr\/index.php\/wp-json\/wp\/v2\/pages\/217","targetHints":{"allow":["GET"]}}],"collection":[{"href":"https:\/\/levy-acp.fr\/index.php\/wp-json\/wp\/v2\/pages"}],"about":[{"href":"https:\/\/levy-acp.fr\/index.php\/wp-json\/wp\/v2\/types\/page"}],"author":[{"embeddable":true,"href":"https:\/\/levy-acp.fr\/index.php\/wp-json\/wp\/v2\/users\/1"}],"replies":[{"embeddable":true,"href":"https:\/\/levy-acp.fr\/index.php\/wp-json\/wp\/v2\/comments?post=217"}],"version-history":[{"count":213,"href":"https:\/\/levy-acp.fr\/index.php\/wp-json\/wp\/v2\/pages\/217\/revisions"}],"predecessor-version":[{"id":2213,"href":"https:\/\/levy-acp.fr\/index.php\/wp-json\/wp\/v2\/pages\/217\/revisions\/2213"}],"wp:attachment":[{"href":"https:\/\/levy-acp.fr\/index.php\/wp-json\/wp\/v2\/media?parent=217"}],"curies":[{"name":"wp","href":"https:\/\/api.w.org\/{rel}","templated":true}]}}