{"id":18,"date":"2018-06-24T20:13:33","date_gmt":"2018-06-24T18:13:33","guid":{"rendered":"http:\/\/levy-acp.fr\/?page_id=18"},"modified":"2026-02-22T13:28:56","modified_gmt":"2026-02-22T12:28:56","slug":"psychotherapie-le-mans","status":"publish","type":"page","link":"https:\/\/levy-acp.fr\/index.php\/psychotherapie-le-mans\/","title":{"rendered":"\u00c0 propos"},"content":{"rendered":"\r\n\r\n\r\n\r\n\r\n\r\n\r\n\r\n\r\n<p>Une longue psychoth\u00e9rapie personnelle dans deux approches diff\u00e9rentes et la rencontre des travaux de <a href=\"https:\/\/www.acpfrance.fr\/qui-est-carl-rogers\/\" target=\"_blank\" rel=\"noopener noreferrer\">Carl Rogers<\/a> m&rsquo;ont conduit ensuite \u00e0 me former, \u00e0 partir de 2015, \u00e0 cette approche psychoth\u00e9rapeutique, \u00e0 la fois politique et spirituelle. Cette longue et lente exploration personnelle m&rsquo;a appris qu&rsquo;il est possible de changer sans se perdre de vue, d&rsquo;\u00eatre en contact avec des dimensions plus vastes et profondes de soi-m\u00eame et de redonner vie et mouvement aux parts ab\u00eem\u00e9es ou fig\u00e9es de ma personne.<\/p>\r\n<p>La psychoth\u00e9rapie ne garantit pas le bonheur, elle remet la vie en mouvement !<\/p>\r\n<p>Dans cette perspective, je m&rsquo;attache \u00e0 cr\u00e9er avec vous des conditions de libert\u00e9, de confiance et de positionnement existentiel au cours d&rsquo;entretiens de psychoth\u00e9rapie.<\/p>\r\n<p>&nbsp;<\/p>\r\n\r\n\r\n\r\n<p><img decoding=\"async\" class=\"alignleft  wp-image-1769\" src=\"https:\/\/levy-acp.fr\/wp-content\/uploads\/2021\/05\/Quote-bleu.png\" alt=\"\" width=\"162\" height=\"113\" \/>\u00ab Une fois qu&rsquo;on a enti\u00e8rement ressenti, dans toutes ses dimensions, un sentiment aussi bouleversant, alors on peut avancer \u00bb,<\/p>\r\n<p><strong>Carl R. Rogers, <\/strong><em>L\u2019Approche centr\u00e9e sur la personne<\/em> (<a href=\"https:\/\/www.unige.ch\/fapse\/life\/archives\/livres\/alpha\/R\/Rogers_2001_A.html\" target=\"_blank\" rel=\"noopener\">anthologie<\/a>), traduction de Henry-Georges Richon, \u00c9ditions Randin, 2001, p. 182.<\/p>\r\n<p><span style=\"color: #000000;\"><strong><\/strong><\/span><\/p>\r\n<h2>Engagement b\u00e9n\u00e9vole<\/h2>\r\n<p>En parall\u00e8le \u00e0 mon m\u00e9tier d&rsquo;enseignant, que j&rsquo;exerce \u00e0 l&rsquo;universit\u00e9 depuis plus de vingt ans en tant qu&rsquo;agr\u00e9g\u00e9 de lettres, par ailleurs certifi\u00e9 d&rsquo;anglais, j&rsquo;ai assur\u00e9 pendant quatre ans, de 2018 \u00e0 2022, des permanences b\u00e9n\u00e9voles dans un <a href=\"https:\/\/montjoie.asso.fr\/etablissement\/caarud\/\" target=\"_blank\" rel=\"noreferrer noopener\">CAARUD<\/a>, espace de premier accueil pour consommateurs | consommatrices de drogues, l\u00e9gales ou non. Depuis 2021, j&rsquo;assure des temps d&rsquo;\u00e9coute r\u00e9guliers dans une <a href=\"https:\/\/ettic.org\/association\/association-montjoie\/etablissement\/maison-relais\" target=\"_blank\" rel=\"noopener\">Maison relais<\/a> pour le d\u00e9veloppement de l&rsquo;autonomie de personnes en situation de vuln\u00e9rabilit\u00e9, sociale ou psychique.<\/p>\r\n<p>Je suis tr\u00e8s attentif aux <a href=\"https:\/\/theconversation.com\/les-micro-violences-educatives-ordinaires-un-impense-de-linstitution-scolaire-253794\" target=\"_blank\" rel=\"noopener\">violences scolaires<\/a> g\u00e9n\u00e9r\u00e9es par les institutions \u00e9ducatives publiques et priv\u00e9es, qui les produisent et les ignorent encore. Notre \u00e9poque commence \u00e0 comprendre que ces violences sont \u00e0 l&rsquo;origine du harc\u00e8lement incessant entre \u00e9l\u00e8ves, entre profs, entre personnes.<\/p>\r\n<h2>Formation continue<\/h2>\r\n\r\n\r\n\r\n<p class=\"has-background\" style=\"background-color: #f5f5f5;\">Ma pratique est r\u00e9guli\u00e8rement <a href=\"https:\/\/superviseurs.ch\/supervision\/\" target=\"_blank\" rel=\"noopener\">supervis\u00e9e<\/a> par une psychoth\u00e9rapeute sp\u00e9cialis\u00e9e et b\u00e9n\u00e9ficie en parall\u00e8le d&rsquo;\u00e9changes entre praticien\u00b7nes, dans le cadre d&rsquo;une analyse de nos pratiques professionnelles. Je continue de surcro\u00eet \u00e0 d\u00e9velopper mes capacit\u00e9s d&rsquo;accompagnement par une psychoth\u00e9rapie r\u00e9guli\u00e8re et des formations annuelles, exp\u00e9rientielles et th\u00e9oriques . Je suis membre de l&rsquo;<a href=\"https:\/\/www.afpacp.fr\/index.php\" target=\"_blank\" rel=\"noopener\">AFP-ACP<\/a>, organisation professionnelle nationale et titulaire de la certification <a href=\"https:\/\/www.ff2p.fr\/etre-praticien-de-la-psychotherapie\/\" target=\"_blank\" rel=\"noopener\">FF2P<\/a>.<\/p>\r\n<h5>Gestion de Crise &amp; de crise suicidaire<\/h5>\r\n<p>ARS (Chartres) : Formation \u00e0 la prise en charge de la crise suicidaire \u00e0 partir du mod\u00e8le <a href=\"https:\/\/www.infosuicide.org\/guide\/suicide-et-sa-prevention\/grille-devaluation\/\" target=\"_blank\" rel=\"noopener\">RUD<\/a> | <strong>2019<\/strong><\/p>\r\n<h5>ADDICTOLOGIE DE BASE<\/h5>\r\n<p><a href=\"https:\/\/www.irema.net\/nos-activites\" target=\"_blank\" rel=\"noopener\">IREMA<\/a> (Paris) : Conna\u00eetre et comprendre les addictions ; s&rsquo;approprier les outils th\u00e9rapeutiques | <strong>2020<\/strong><\/p>\r\n<h5>Psychopathologie<\/h5>\r\n<p>J&rsquo;ai compl\u00e9t\u00e9\u00a0 la formation dispens\u00e9e par <a href=\"https:\/\/www.ifcc-psychotherapie.fr\/pages\/equipe\/lucien_tenenbaum.php\" target=\"_blank\" rel=\"noopener\">Lucien Tenenbaum<\/a>\u00a0 \u00e0 l&rsquo;IFRDP (d\u00e9pressions et psychoses, 2017) par des modules\u00a0 en <a href=\"https:\/\/odf.u-paris.fr\/fr\/offre-de-formation\/diplome-d-universite-du-diu-1\/sciences-technologies-sante-STS\/du-psychotherapies-et-psychopathologie-developpementale-JI30P32N.html\" target=\"_blank\" rel=\"noopener\">psychopathologie <\/a>\u00e0 l&rsquo;\u00c9cole de m\u00e9decine, Universit\u00e9 Paris 5\u00a0 | <strong>2020-21<\/strong>.<\/p>\r\n<h5>Psycho-\u00e9nergie<\/h5>\r\n<p>J&rsquo;ai suivi pendant 9 mois, en <strong>2022-2023<\/strong>, le stage de psycho-\u00e9nergie, <em>Grandir sur son chemin d&rsquo;\u00e2me <\/em>(7e \u00e9dition) de <a href=\"https:\/\/francoisebonnal.com\/\" target=\"_blank\" rel=\"noopener\">Fran\u00e7oise Bonnal<\/a>, qui alterne et mixe plusieurs approches pour inviter \u00e0 revisiter son parcours de vie (blessures, appuis et freins) de la naissance \u00e0 la mort en suspens\u00a0 :\u00a0 psychologie du d\u00e9veloppement,\u00a0 pratiques d&rsquo;ancrage spirituel et corporel, ateliers \u00e9nerg\u00e9tiques de\u00a0 l&rsquo;\u00c9cole Brennan, initiation \u00e0 des voyages et <a href=\"https:\/\/congresfrancaispsychiatrie.org\/la-transe-cognitive\/\" target=\"_blank\" rel=\"noopener\">transes chamaniques<\/a>, aux<a href=\"https:\/\/formations.univ-lorraine.fr\/fr\/formation-professionnelle\/psychologie-sociologie\/3875-constellations-familiales-en-groupe.html\" target=\"_blank\" rel=\"noopener\"> constellations familiales<\/a> ou <a href=\"https:\/\/centrepierrejanet.univ-lorraine.fr\/formations-courtes\/constellations-familiales-individuelles\/\" target=\"_blank\" rel=\"noopener\">individuelles<\/a>. C&rsquo;est une exp\u00e9rience nourrissante et fabuleuse, d\u00e9stabilisante parfois, \u00e0 la lisi\u00e8re du sensoriel, de l&rsquo;extra-sensoriel et de la <a href=\"https:\/\/congresfrancaispsychiatrie.org\/la-psychiatrie-prend-la-tangente\/\" target=\"_blank\" rel=\"noopener\">norme rationnelle<\/a>. Elle \u00e9toffe ma pratique.<\/p>\r\n<h5>Psychotraumatismes<\/h5>\r\n<p>J&rsquo;ai entrepris en <strong>2025<\/strong> une formation au <a href=\"https:\/\/presse.inserm.fr\/canal-detox\/lemdr-pour-traiter-le-stress-post-traumatique-vraiment-2\/\" target=\"_blank\" rel=\"noopener\">retraitement des psychotraumatismes<\/a>, dans la droite ligne des travaux de <a href=\"https:\/\/www.emdr.fr\/Historique-de-l-EMDR_a39.html\" target=\"_blank\" rel=\"noopener\">Francine Shapiro<\/a>. Je suis en mesure aujourd&rsquo;hui d&rsquo;accompagner si besoin le retraitement des psychotraumatismes dans le cadre d&rsquo;une psychoth\u00e9rapie suivie avec moi. La supervision de ma pratique est assur\u00e9e en groupe par une praticienne certifi\u00e9e EMDR-France.<\/p>\r\n<h5>Th\u00e9rapie par le jeu<\/h5>\r\n<p>J&rsquo;ai commenc\u00e9 \u00e0 me former \u00e0 la <a href=\"https:\/\/levy-acp.fr\/wp-content\/uploads\/2026\/02\/18.81-Vous-ne-faites-que-jouer-S-Pedevilla.pdf\">th\u00e9rapie par le jeu<\/a> (<strong>2025-26<\/strong>) pour l&rsquo;accompagnement d&rsquo;enfants et, chemin faisant, sa transposition au monde des adultes.<\/p>\r\n<p>&nbsp;<\/p>\r\n<p>&nbsp;<\/p>\r\n<p><img decoding=\"async\" class=\"alignleft  wp-image-1769\" src=\"https:\/\/levy-acp.fr\/wp-content\/uploads\/2021\/05\/Quote-bleu.png\" alt=\"\" width=\"162\" height=\"113\" \/><\/p>\r\n<p>&#8230; faire preuve d&#8217;empathie suppose d&rsquo;entreprendre un voyage vers une destination incertaine (&#8230;). L&rsquo;int\u00e9r\u00eat et le d\u00e9fi d&rsquo;un tel voyage r\u00e9sident dans ce que l&rsquo;on ne conna\u00eet pas ou dans ce que l&rsquo;on ne comprend pas encore. L&#8217;empathie est l&rsquo;art de ne pas savoir. C&rsquo;est l&rsquo;art d&rsquo;\u00eatre curieux et ouvert \u00e0 la surprise, \u00ab tenu en \u00e9veil par une \u00e9nigme \u00bb (E. Levinas).<\/p>\r\n<p><strong>\u00a0<a href=\"https:\/\/www.pce-europe.org\/peter-schmid\" target=\"_blank\" rel=\"noopener\">Peter F. Schmid, <\/a><\/strong>La compr\u00e9hension ou L&rsquo;art de ne pas savoir, in <em>Empathy, <\/em>\u00e9dit\u00e9s par Sheila Haugh et Tony Merry, PCCS Books, 2001, p. 61<em><br \/><\/em><\/p>\r\n<p>&nbsp;<\/p>\r\n","protected":false},"excerpt":{"rendered":"<p>Une longue psychoth\u00e9rapie personnelle dans deux approches diff\u00e9rentes et la rencontre des travaux de Carl Rogers m&rsquo;ont conduit ensuite \u00e0 me former, \u00e0 partir de 2015, \u00e0 cette approche psychoth\u00e9rapeutique, \u00e0 la fois politique et spirituelle. Cette longue et lente exploration personnelle m&rsquo;a appris qu&rsquo;il est possible de changer sans se perdre de vue, d&rsquo;\u00eatre &hellip; <\/p>\n<p class=\"link-more\"><a href=\"https:\/\/levy-acp.fr\/index.php\/psychotherapie-le-mans\/\" class=\"more-link\">Continuer la lecture<span class=\"screen-reader-text\"> de &laquo;&nbsp;\u00c0 propos&nbsp;&raquo;<\/span><\/a><\/p>\n","protected":false},"author":1,"featured_media":0,"parent":0,"menu_order":0,"comment_status":"closed","ping_status":"closed","template":"","meta":{"footnotes":""},"class_list":["post-18","page","type-page","status-publish","hentry"],"yoast_head":"<!-- This site is optimized with the Yoast SEO plugin v26.9 - https:\/\/yoast.com\/product\/yoast-seo-wordpress\/ -->\n<title>\u00c0 propos - PSYCHOTH\u00c9RAPIE<\/title>\n<meta name=\"robots\" content=\"index, follow, max-snippet:-1, max-image-preview:large, max-video-preview:-1\" \/>\n<link rel=\"canonical\" href=\"https:\/\/levy-acp.fr\/index.php\/psychotherapie-le-mans\/\" \/>\n<meta property=\"og:locale\" content=\"fr_FR\" \/>\n<meta property=\"og:type\" content=\"article\" \/>\n<meta property=\"og:title\" content=\"\u00c0 propos - PSYCHOTH\u00c9RAPIE\" \/>\n<meta property=\"og:description\" content=\"Une longue psychoth\u00e9rapie personnelle dans deux approches diff\u00e9rentes et la rencontre des travaux de Carl Rogers m&rsquo;ont conduit ensuite \u00e0 me former, \u00e0 partir de 2015, \u00e0 cette approche psychoth\u00e9rapeutique, \u00e0 la fois politique et spirituelle. Cette longue et lente exploration personnelle m&rsquo;a appris qu&rsquo;il est possible de changer sans se perdre de vue, d&rsquo;\u00eatre &hellip; Continuer la lecture de &laquo;&nbsp;\u00c0 propos&nbsp;&raquo;\" \/>\n<meta property=\"og:url\" content=\"https:\/\/levy-acp.fr\/index.php\/psychotherapie-le-mans\/\" \/>\n<meta property=\"og:site_name\" content=\"PSYCHOTH\u00c9RAPIE\" \/>\n<meta property=\"article:modified_time\" content=\"2026-02-22T12:28:56+00:00\" \/>\n<meta property=\"og:image\" content=\"https:\/\/levy-acp.fr\/wp-content\/uploads\/2021\/05\/Quote-bleu-e1700317382369.png\" \/>\n\t<meta property=\"og:image:width\" content=\"268\" \/>\n\t<meta property=\"og:image:height\" content=\"188\" \/>\n\t<meta property=\"og:image:type\" content=\"image\/png\" \/>\n<meta name=\"twitter:card\" content=\"summary_large_image\" \/>\n<meta name=\"twitter:label1\" content=\"Dur\u00e9e de lecture estim\u00e9e\" \/>\n\t<meta name=\"twitter:data1\" content=\"4 minutes\" \/>\n<script type=\"application\/ld+json\" class=\"yoast-schema-graph\">{\"@context\":\"https:\/\/schema.org\",\"@graph\":[{\"@type\":\"WebPage\",\"@id\":\"https:\/\/levy-acp.fr\/index.php\/psychotherapie-le-mans\/\",\"url\":\"https:\/\/levy-acp.fr\/index.php\/psychotherapie-le-mans\/\",\"name\":\"\u00c0 propos - PSYCHOTH\u00c9RAPIE\",\"isPartOf\":{\"@id\":\"https:\/\/levy-acp.fr\/#website\"},\"primaryImageOfPage\":{\"@id\":\"https:\/\/levy-acp.fr\/index.php\/psychotherapie-le-mans\/#primaryimage\"},\"image\":{\"@id\":\"https:\/\/levy-acp.fr\/index.php\/psychotherapie-le-mans\/#primaryimage\"},\"thumbnailUrl\":\"https:\/\/levy-acp.fr\/wp-content\/uploads\/2021\/05\/Quote-bleu.png\",\"datePublished\":\"2018-06-24T18:13:33+00:00\",\"dateModified\":\"2026-02-22T12:28:56+00:00\",\"breadcrumb\":{\"@id\":\"https:\/\/levy-acp.fr\/index.php\/psychotherapie-le-mans\/#breadcrumb\"},\"inLanguage\":\"fr-FR\",\"potentialAction\":[{\"@type\":\"ReadAction\",\"target\":[\"https:\/\/levy-acp.fr\/index.php\/psychotherapie-le-mans\/\"]}]},{\"@type\":\"ImageObject\",\"inLanguage\":\"fr-FR\",\"@id\":\"https:\/\/levy-acp.fr\/index.php\/psychotherapie-le-mans\/#primaryimage\",\"url\":\"https:\/\/levy-acp.fr\/wp-content\/uploads\/2021\/05\/Quote-bleu-e1700317382369.png\",\"contentUrl\":\"https:\/\/levy-acp.fr\/wp-content\/uploads\/2021\/05\/Quote-bleu-e1700317382369.png\",\"width\":268,\"height\":188},{\"@type\":\"BreadcrumbList\",\"@id\":\"https:\/\/levy-acp.fr\/index.php\/psychotherapie-le-mans\/#breadcrumb\",\"itemListElement\":[{\"@type\":\"ListItem\",\"position\":1,\"name\":\"Accueil\",\"item\":\"https:\/\/levy-acp.fr\/\"},{\"@type\":\"ListItem\",\"position\":2,\"name\":\"\u00c0 propos\"}]},{\"@type\":\"WebSite\",\"@id\":\"https:\/\/levy-acp.fr\/#website\",\"url\":\"https:\/\/levy-acp.fr\/\",\"name\":\"PSYCHOTH\u00c9RAPIE\",\"description\":\"JEAN-CHARLES L\u00c9VY |  PSYCHOPRATICIEN CERTIFI\u00c9 | LE MANS\",\"potentialAction\":[{\"@type\":\"SearchAction\",\"target\":{\"@type\":\"EntryPoint\",\"urlTemplate\":\"https:\/\/levy-acp.fr\/?s={search_term_string}\"},\"query-input\":{\"@type\":\"PropertyValueSpecification\",\"valueRequired\":true,\"valueName\":\"search_term_string\"}}],\"inLanguage\":\"fr-FR\"}]}<\/script>\n<!-- \/ Yoast SEO plugin. -->","yoast_head_json":{"title":"\u00c0 propos - PSYCHOTH\u00c9RAPIE","robots":{"index":"index","follow":"follow","max-snippet":"max-snippet:-1","max-image-preview":"max-image-preview:large","max-video-preview":"max-video-preview:-1"},"canonical":"https:\/\/levy-acp.fr\/index.php\/psychotherapie-le-mans\/","og_locale":"fr_FR","og_type":"article","og_title":"\u00c0 propos - PSYCHOTH\u00c9RAPIE","og_description":"Une longue psychoth\u00e9rapie personnelle dans deux approches diff\u00e9rentes et la rencontre des travaux de Carl Rogers m&rsquo;ont conduit ensuite \u00e0 me former, \u00e0 partir de 2015, \u00e0 cette approche psychoth\u00e9rapeutique, \u00e0 la fois politique et spirituelle. Cette longue et lente exploration personnelle m&rsquo;a appris qu&rsquo;il est possible de changer sans se perdre de vue, d&rsquo;\u00eatre &hellip; Continuer la lecture de &laquo;&nbsp;\u00c0 propos&nbsp;&raquo;","og_url":"https:\/\/levy-acp.fr\/index.php\/psychotherapie-le-mans\/","og_site_name":"PSYCHOTH\u00c9RAPIE","article_modified_time":"2026-02-22T12:28:56+00:00","og_image":[{"width":268,"height":188,"url":"https:\/\/levy-acp.fr\/wp-content\/uploads\/2021\/05\/Quote-bleu-e1700317382369.png","type":"image\/png"}],"twitter_card":"summary_large_image","twitter_misc":{"Dur\u00e9e de lecture estim\u00e9e":"4 minutes"},"schema":{"@context":"https:\/\/schema.org","@graph":[{"@type":"WebPage","@id":"https:\/\/levy-acp.fr\/index.php\/psychotherapie-le-mans\/","url":"https:\/\/levy-acp.fr\/index.php\/psychotherapie-le-mans\/","name":"\u00c0 propos - PSYCHOTH\u00c9RAPIE","isPartOf":{"@id":"https:\/\/levy-acp.fr\/#website"},"primaryImageOfPage":{"@id":"https:\/\/levy-acp.fr\/index.php\/psychotherapie-le-mans\/#primaryimage"},"image":{"@id":"https:\/\/levy-acp.fr\/index.php\/psychotherapie-le-mans\/#primaryimage"},"thumbnailUrl":"https:\/\/levy-acp.fr\/wp-content\/uploads\/2021\/05\/Quote-bleu.png","datePublished":"2018-06-24T18:13:33+00:00","dateModified":"2026-02-22T12:28:56+00:00","breadcrumb":{"@id":"https:\/\/levy-acp.fr\/index.php\/psychotherapie-le-mans\/#breadcrumb"},"inLanguage":"fr-FR","potentialAction":[{"@type":"ReadAction","target":["https:\/\/levy-acp.fr\/index.php\/psychotherapie-le-mans\/"]}]},{"@type":"ImageObject","inLanguage":"fr-FR","@id":"https:\/\/levy-acp.fr\/index.php\/psychotherapie-le-mans\/#primaryimage","url":"https:\/\/levy-acp.fr\/wp-content\/uploads\/2021\/05\/Quote-bleu-e1700317382369.png","contentUrl":"https:\/\/levy-acp.fr\/wp-content\/uploads\/2021\/05\/Quote-bleu-e1700317382369.png","width":268,"height":188},{"@type":"BreadcrumbList","@id":"https:\/\/levy-acp.fr\/index.php\/psychotherapie-le-mans\/#breadcrumb","itemListElement":[{"@type":"ListItem","position":1,"name":"Accueil","item":"https:\/\/levy-acp.fr\/"},{"@type":"ListItem","position":2,"name":"\u00c0 propos"}]},{"@type":"WebSite","@id":"https:\/\/levy-acp.fr\/#website","url":"https:\/\/levy-acp.fr\/","name":"PSYCHOTH\u00c9RAPIE","description":"JEAN-CHARLES L\u00c9VY |  PSYCHOPRATICIEN CERTIFI\u00c9 | LE MANS","potentialAction":[{"@type":"SearchAction","target":{"@type":"EntryPoint","urlTemplate":"https:\/\/levy-acp.fr\/?s={search_term_string}"},"query-input":{"@type":"PropertyValueSpecification","valueRequired":true,"valueName":"search_term_string"}}],"inLanguage":"fr-FR"}]}},"_links":{"self":[{"href":"https:\/\/levy-acp.fr\/index.php\/wp-json\/wp\/v2\/pages\/18","targetHints":{"allow":["GET"]}}],"collection":[{"href":"https:\/\/levy-acp.fr\/index.php\/wp-json\/wp\/v2\/pages"}],"about":[{"href":"https:\/\/levy-acp.fr\/index.php\/wp-json\/wp\/v2\/types\/page"}],"author":[{"embeddable":true,"href":"https:\/\/levy-acp.fr\/index.php\/wp-json\/wp\/v2\/users\/1"}],"replies":[{"embeddable":true,"href":"https:\/\/levy-acp.fr\/index.php\/wp-json\/wp\/v2\/comments?post=18"}],"version-history":[{"count":746,"href":"https:\/\/levy-acp.fr\/index.php\/wp-json\/wp\/v2\/pages\/18\/revisions"}],"predecessor-version":[{"id":2600,"href":"https:\/\/levy-acp.fr\/index.php\/wp-json\/wp\/v2\/pages\/18\/revisions\/2600"}],"wp:attachment":[{"href":"https:\/\/levy-acp.fr\/index.php\/wp-json\/wp\/v2\/media?parent=18"}],"curies":[{"name":"wp","href":"https:\/\/api.w.org\/{rel}","templated":true}]}}