{"id":1758,"date":"2021-05-02T13:08:35","date_gmt":"2021-05-02T11:08:35","guid":{"rendered":"https:\/\/levy-acp.fr\/?page_id=1758"},"modified":"2021-05-31T13:38:05","modified_gmt":"2021-05-31T11:38:05","slug":"acp-psychotherapie","status":"publish","type":"page","link":"https:\/\/levy-acp.fr\/index.php\/acp-psychotherapie\/","title":{"rendered":"L&rsquo;ACP"},"content":{"rendered":"<h2>Ce qu&rsquo;en dit le magazine <em>Psychologies<\/em><\/h2>\n<p>Le magazine<strong><em> Psychologies<\/em><\/strong> (mai 2021) s&rsquo;entretient avec deux formatrices de l&rsquo;<a href=\"https:\/\/www.ifrdp.com\/\" target=\"_blank\" rel=\"noopener\">IFRDP<\/a> sur la psychoth\u00e9rapie centr\u00e9e sur la personne :<\/p>\n<div class=\"ead-preview\"><div class=\"ead-document\" style=\"position: relative;padding-top: 90%;\"><div class=\"ead-iframe-wrapper\"><iframe src=\"\/\/docs.google.com\/viewer?url=https%3A%2F%2Flevy-acp.fr%2Fwp-content%2Fuploads%2F2021%2F05%2FPsychologies_mai2021_article-ACP_IFRDP.pdf&amp;embedded=true&amp;hl=en\" title=\"Document embarqu\u00e9\" class=\"ead-iframe\" style=\"width: 100%;height: 100%;border: none;position: absolute;left: 0;top: 0;visibility: hidden;\"><\/iframe><\/div>\t\t\t<div class=\"ead-document-loading\" style=\"width:100%;height:100%;position:absolute;left:0;top:0;z-index:10;\">\n\t\t\t\t<div class=\"ead-loading-wrap\">\n\t\t\t\t\t<div class=\"ead-loading-main\">\n\t\t\t\t\t\t<div class=\"ead-loading\">\n\t\t\t\t\t\t\t<img decoding=\"async\" src=\"https:\/\/levy-acp.fr\/wp-content\/plugins\/embed-any-document\/images\/loading.svg\" width=\"55\" height=\"55\" alt=\"Chargeur\">\n\t\t\t\t\t\t\t<span>En cours de chargement&hellip;<\/span>\n\t\t\t\t\t\t<\/div>\n\t\t\t\t\t<\/div>\n\t\t\t\t\t<div class=\"ead-loading-foot\">\n\t\t\t\t\t\t<div class=\"ead-loading-foot-title\">\n\t\t\t\t\t\t\t<img decoding=\"async\" src=\"https:\/\/levy-acp.fr\/wp-content\/plugins\/embed-any-document\/images\/EAD-logo.svg\" alt=\"Logo EAD\" width=\"36\" height=\"23\"\/>\n\t\t\t\t\t\t\t<span>Cela prend trop de temps\u00a0?<\/span>\n\t\t\t\t\t\t<\/div>\n\t\t\t\t\t\t<p>\n\t\t\t\t\t\t\t<div class=\"ead-document-btn ead-reload-btn\" role=\"button\">\n\t\t\t\t\t\t\t\t<img decoding=\"async\" src=\"https:\/\/levy-acp.fr\/wp-content\/plugins\/embed-any-document\/images\/reload.svg\" alt=\"Recharger\" width=\"12\" height=\"12\"\/> Recharger le document\t\t\t\t\t\t\t<\/div>\n\t\t\t\t\t\t\t<span>|<\/span>\n\t\t\t\t\t\t\t<a href=\"https:\/\/levy-acp.fr\/wp-content\/uploads\/2021\/05\/Psychologies_mai2021_article-ACP_IFRDP.pdf\" class=\"ead-document-btn\" target=\"_blank\">\n\t\t\t\t\t\t\t\t<img decoding=\"async\" src=\"https:\/\/levy-acp.fr\/wp-content\/plugins\/embed-any-document\/images\/open.svg\" alt=\"Ouvert\" width=\"12\" height=\"12\"\/> Ouvrir dans un nouvel onglet\t\t\t\t\t\t\t<\/a>\n\t\t\t\t\t<\/div>\n\t\t\t\t<\/div>\n\t\t\t<\/div>\n\t\t<\/div><p class=\"embed_download\"><a href=\"https:\/\/levy-acp.fr\/wp-content\/uploads\/2021\/05\/Psychologies_mai2021_article-ACP_IFRDP.pdf\" download>T\u00e9l\u00e9charger le document au format pdf [4.56 MB] <\/a><\/p><\/div>\n<h2>L&rsquo;Approche centr\u00e9e sur la personne vue par son fondateur<\/h2>\n<p>Carl Rogers, psychologue et chercheur am\u00e9ricain, fondateur de la d\u00e9marche, la d\u00e9finit en<strong> <a href=\"https:\/\/acp-pr.org\/approche-centree-sur-la-personne\/\" target=\"_blank\" rel=\"noopener\">ces termes<\/a><\/strong>.<\/p>\n","protected":false},"excerpt":{"rendered":"<p>Ce qu&rsquo;en dit le magazine Psychologies Le magazine Psychologies (mai 2021) s&rsquo;entretient avec deux formatrices de l&rsquo;IFRDP sur la psychoth\u00e9rapie centr\u00e9e sur la personne : L&rsquo;Approche centr\u00e9e sur la personne vue par son fondateur Carl Rogers, psychologue et chercheur am\u00e9ricain, fondateur de la d\u00e9marche, la d\u00e9finit en ces termes.<\/p>\n","protected":false},"author":1,"featured_media":0,"parent":0,"menu_order":0,"comment_status":"closed","ping_status":"closed","template":"","meta":{"footnotes":""},"class_list":["post-1758","page","type-page","status-publish","hentry"],"yoast_head":"<!-- This site is optimized with the Yoast SEO plugin v26.9 - https:\/\/yoast.com\/product\/yoast-seo-wordpress\/ -->\n<title>L&#039;ACP - PSYCHOTH\u00c9RAPIE<\/title>\n<meta name=\"robots\" content=\"index, follow, max-snippet:-1, max-image-preview:large, max-video-preview:-1\" \/>\n<link rel=\"canonical\" href=\"https:\/\/levy-acp.fr\/index.php\/acp-psychotherapie\/\" \/>\n<meta property=\"og:locale\" content=\"fr_FR\" \/>\n<meta property=\"og:type\" content=\"article\" \/>\n<meta property=\"og:title\" content=\"L&#039;ACP - PSYCHOTH\u00c9RAPIE\" \/>\n<meta property=\"og:description\" content=\"Ce qu&rsquo;en dit le magazine Psychologies Le magazine Psychologies (mai 2021) s&rsquo;entretient avec deux formatrices de l&rsquo;IFRDP sur la psychoth\u00e9rapie centr\u00e9e sur la personne : L&rsquo;Approche centr\u00e9e sur la personne vue par son fondateur Carl Rogers, psychologue et chercheur am\u00e9ricain, fondateur de la d\u00e9marche, la d\u00e9finit en ces termes.\" \/>\n<meta property=\"og:url\" content=\"https:\/\/levy-acp.fr\/index.php\/acp-psychotherapie\/\" \/>\n<meta property=\"og:site_name\" content=\"PSYCHOTH\u00c9RAPIE\" \/>\n<meta property=\"article:modified_time\" content=\"2021-05-31T11:38:05+00:00\" \/>\n<meta name=\"twitter:card\" content=\"summary_large_image\" \/>\n<meta name=\"twitter:label1\" content=\"Dur\u00e9e de lecture estim\u00e9e\" \/>\n\t<meta name=\"twitter:data1\" content=\"1 minute\" \/>\n<script type=\"application\/ld+json\" class=\"yoast-schema-graph\">{\"@context\":\"https:\/\/schema.org\",\"@graph\":[{\"@type\":\"WebPage\",\"@id\":\"https:\/\/levy-acp.fr\/index.php\/acp-psychotherapie\/\",\"url\":\"https:\/\/levy-acp.fr\/index.php\/acp-psychotherapie\/\",\"name\":\"L'ACP - PSYCHOTH\u00c9RAPIE\",\"isPartOf\":{\"@id\":\"https:\/\/levy-acp.fr\/#website\"},\"datePublished\":\"2021-05-02T11:08:35+00:00\",\"dateModified\":\"2021-05-31T11:38:05+00:00\",\"breadcrumb\":{\"@id\":\"https:\/\/levy-acp.fr\/index.php\/acp-psychotherapie\/#breadcrumb\"},\"inLanguage\":\"fr-FR\",\"potentialAction\":[{\"@type\":\"ReadAction\",\"target\":[\"https:\/\/levy-acp.fr\/index.php\/acp-psychotherapie\/\"]}]},{\"@type\":\"BreadcrumbList\",\"@id\":\"https:\/\/levy-acp.fr\/index.php\/acp-psychotherapie\/#breadcrumb\",\"itemListElement\":[{\"@type\":\"ListItem\",\"position\":1,\"name\":\"Accueil\",\"item\":\"https:\/\/levy-acp.fr\/\"},{\"@type\":\"ListItem\",\"position\":2,\"name\":\"L&rsquo;ACP\"}]},{\"@type\":\"WebSite\",\"@id\":\"https:\/\/levy-acp.fr\/#website\",\"url\":\"https:\/\/levy-acp.fr\/\",\"name\":\"PSYCHOTH\u00c9RAPIE\",\"description\":\"JEAN-CHARLES L\u00c9VY |  PSYCHOPRATICIEN CERTIFI\u00c9 | LE MANS\",\"potentialAction\":[{\"@type\":\"SearchAction\",\"target\":{\"@type\":\"EntryPoint\",\"urlTemplate\":\"https:\/\/levy-acp.fr\/?s={search_term_string}\"},\"query-input\":{\"@type\":\"PropertyValueSpecification\",\"valueRequired\":true,\"valueName\":\"search_term_string\"}}],\"inLanguage\":\"fr-FR\"}]}<\/script>\n<!-- \/ Yoast SEO plugin. -->","yoast_head_json":{"title":"L'ACP - PSYCHOTH\u00c9RAPIE","robots":{"index":"index","follow":"follow","max-snippet":"max-snippet:-1","max-image-preview":"max-image-preview:large","max-video-preview":"max-video-preview:-1"},"canonical":"https:\/\/levy-acp.fr\/index.php\/acp-psychotherapie\/","og_locale":"fr_FR","og_type":"article","og_title":"L'ACP - PSYCHOTH\u00c9RAPIE","og_description":"Ce qu&rsquo;en dit le magazine Psychologies Le magazine Psychologies (mai 2021) s&rsquo;entretient avec deux formatrices de l&rsquo;IFRDP sur la psychoth\u00e9rapie centr\u00e9e sur la personne : L&rsquo;Approche centr\u00e9e sur la personne vue par son fondateur Carl Rogers, psychologue et chercheur am\u00e9ricain, fondateur de la d\u00e9marche, la d\u00e9finit en ces termes.","og_url":"https:\/\/levy-acp.fr\/index.php\/acp-psychotherapie\/","og_site_name":"PSYCHOTH\u00c9RAPIE","article_modified_time":"2021-05-31T11:38:05+00:00","twitter_card":"summary_large_image","twitter_misc":{"Dur\u00e9e de lecture estim\u00e9e":"1 minute"},"schema":{"@context":"https:\/\/schema.org","@graph":[{"@type":"WebPage","@id":"https:\/\/levy-acp.fr\/index.php\/acp-psychotherapie\/","url":"https:\/\/levy-acp.fr\/index.php\/acp-psychotherapie\/","name":"L'ACP - PSYCHOTH\u00c9RAPIE","isPartOf":{"@id":"https:\/\/levy-acp.fr\/#website"},"datePublished":"2021-05-02T11:08:35+00:00","dateModified":"2021-05-31T11:38:05+00:00","breadcrumb":{"@id":"https:\/\/levy-acp.fr\/index.php\/acp-psychotherapie\/#breadcrumb"},"inLanguage":"fr-FR","potentialAction":[{"@type":"ReadAction","target":["https:\/\/levy-acp.fr\/index.php\/acp-psychotherapie\/"]}]},{"@type":"BreadcrumbList","@id":"https:\/\/levy-acp.fr\/index.php\/acp-psychotherapie\/#breadcrumb","itemListElement":[{"@type":"ListItem","position":1,"name":"Accueil","item":"https:\/\/levy-acp.fr\/"},{"@type":"ListItem","position":2,"name":"L&rsquo;ACP"}]},{"@type":"WebSite","@id":"https:\/\/levy-acp.fr\/#website","url":"https:\/\/levy-acp.fr\/","name":"PSYCHOTH\u00c9RAPIE","description":"JEAN-CHARLES L\u00c9VY |  PSYCHOPRATICIEN CERTIFI\u00c9 | LE MANS","potentialAction":[{"@type":"SearchAction","target":{"@type":"EntryPoint","urlTemplate":"https:\/\/levy-acp.fr\/?s={search_term_string}"},"query-input":{"@type":"PropertyValueSpecification","valueRequired":true,"valueName":"search_term_string"}}],"inLanguage":"fr-FR"}]}},"_links":{"self":[{"href":"https:\/\/levy-acp.fr\/index.php\/wp-json\/wp\/v2\/pages\/1758","targetHints":{"allow":["GET"]}}],"collection":[{"href":"https:\/\/levy-acp.fr\/index.php\/wp-json\/wp\/v2\/pages"}],"about":[{"href":"https:\/\/levy-acp.fr\/index.php\/wp-json\/wp\/v2\/types\/page"}],"author":[{"embeddable":true,"href":"https:\/\/levy-acp.fr\/index.php\/wp-json\/wp\/v2\/users\/1"}],"replies":[{"embeddable":true,"href":"https:\/\/levy-acp.fr\/index.php\/wp-json\/wp\/v2\/comments?post=1758"}],"version-history":[{"count":14,"href":"https:\/\/levy-acp.fr\/index.php\/wp-json\/wp\/v2\/pages\/1758\/revisions"}],"predecessor-version":[{"id":1803,"href":"https:\/\/levy-acp.fr\/index.php\/wp-json\/wp\/v2\/pages\/1758\/revisions\/1803"}],"wp:attachment":[{"href":"https:\/\/levy-acp.fr\/index.php\/wp-json\/wp\/v2\/media?parent=1758"}],"curies":[{"name":"wp","href":"https:\/\/api.w.org\/{rel}","templated":true}]}}